{"id":2,"date":"2023-06-13T09:21:38","date_gmt":"2023-06-13T09:21:38","guid":{"rendered":"https:\/\/festadelmediterraneo.org\/?page_id=2"},"modified":"2024-07-15T15:47:53","modified_gmt":"2024-07-15T15:47:53","slug":"homepage","status":"publish","type":"page","link":"https:\/\/festadelmediterraneo.org\/","title":{"rendered":"Homepage"},"content":{"rendered":"\t\t<div data-elementor-type=\"wp-page\" data-elementor-id=\"2\" class=\"elementor elementor-2\">\n\t\t\t\t\t\t\t\t\t<section class=\"elementor-section elementor-top-section elementor-element elementor-element-83b71b6 elementor-section-full_width elementor-section-height-default elementor-section-height-default\" data-id=\"83b71b6\" data-element_type=\"section\" data-settings=\"{&quot;background_background&quot;:&quot;classic&quot;,&quot;shape_divider_bottom&quot;:&quot;waves&quot;}\">\n\t\t\t\t\t<div class=\"elementor-shape elementor-shape-bottom\" data-negative=\"false\">\n\t\t\t<svg xmlns=\"http:\/\/www.w3.org\/2000\/svg\" viewBox=\"0 0 1000 100\" preserveAspectRatio=\"none\">\n\t<path class=\"elementor-shape-fill\" d=\"M421.9,6.5c22.6-2.5,51.5,0.4,75.5,5.3c23.6,4.9,70.9,23.5,100.5,35.7c75.8,32.2,133.7,44.5,192.6,49.7\n\tc23.6,2.1,48.7,3.5,103.4-2.5c54.7-6,106.2-25.6,106.2-25.6V0H0v30.3c0,0,72,32.6,158.4,30.5c39.2-0.7,92.8-6.7,134-22.4\n\tc21.2-8.1,52.2-18.2,79.7-24.2C399.3,7.9,411.6,7.5,421.9,6.5z\"\/>\n<\/svg>\t\t<\/div>\n\t\t\t\t\t<div class=\"elementor-container elementor-column-gap-default\">\n\t\t\t\t\t<div class=\"elementor-column elementor-col-100 elementor-top-column elementor-element elementor-element-feeaff3\" data-id=\"feeaff3\" data-element_type=\"column\">\n\t\t\t<div class=\"elementor-widget-wrap elementor-element-populated\">\n\t\t\t\t\t\t\t\t<div class=\"elementor-element elementor-element-3983600 elementor-widget elementor-widget-spacer\" data-id=\"3983600\" data-element_type=\"widget\" data-widget_type=\"spacer.default\">\n\t\t\t\t<div class=\"elementor-widget-container\">\n\t\t\t<style>\/*! elementor - v3.13.3 - 28-05-2023 *\/\n.elementor-column .elementor-spacer-inner{height:var(--spacer-size)}.e-con{--container-widget-width:100%}.e-con-inner>.elementor-widget-spacer,.e-con>.elementor-widget-spacer{width:var(--container-widget-width,var(--spacer-size));--align-self:var(--container-widget-align-self,initial);--flex-shrink:0}.e-con-inner>.elementor-widget-spacer>.elementor-widget-container,.e-con-inner>.elementor-widget-spacer>.elementor-widget-container>.elementor-spacer,.e-con>.elementor-widget-spacer>.elementor-widget-container,.e-con>.elementor-widget-spacer>.elementor-widget-container>.elementor-spacer{height:100%}.e-con-inner>.elementor-widget-spacer>.elementor-widget-container>.elementor-spacer>.elementor-spacer-inner,.e-con>.elementor-widget-spacer>.elementor-widget-container>.elementor-spacer>.elementor-spacer-inner{height:var(--container-widget-height,var(--spacer-size))}<\/style>\t\t<div class=\"elementor-spacer\">\n\t\t\t<div class=\"elementor-spacer-inner\"><\/div>\n\t\t<\/div>\n\t\t\t\t<\/div>\n\t\t\t\t<\/div>\n\t\t\t\t<section class=\"elementor-section elementor-inner-section elementor-element elementor-element-f4695e3 elementor-section-boxed elementor-section-height-default elementor-section-height-default\" data-id=\"f4695e3\" data-element_type=\"section\">\n\t\t\t\t\t\t<div class=\"elementor-container elementor-column-gap-default\">\n\t\t\t\t\t<div class=\"elementor-column elementor-col-50 elementor-inner-column elementor-element elementor-element-2ecf57f\" data-id=\"2ecf57f\" data-element_type=\"column\">\n\t\t\t<div class=\"elementor-widget-wrap elementor-element-populated\">\n\t\t\t\t\t\t\t\t<div class=\"elementor-element elementor-element-e3142ae elementor-widget__width-initial elementor-widget elementor-widget-image\" data-id=\"e3142ae\" data-element_type=\"widget\" data-widget_type=\"image.default\">\n\t\t\t\t<div class=\"elementor-widget-container\">\n\t\t\t<style>\/*! elementor - v3.13.3 - 28-05-2023 *\/\n.elementor-widget-image{text-align:center}.elementor-widget-image a{display:inline-block}.elementor-widget-image a img[src$=\".svg\"]{width:48px}.elementor-widget-image img{vertical-align:middle;display:inline-block}<\/style>\t\t\t\t\t\t\t\t\t\t\t\t<img loading=\"lazy\" decoding=\"async\" width=\"876\" height=\"271\" src=\"https:\/\/festadelmediterraneo.org\/wp-content\/uploads\/2024\/07\/Eventi-singoli-giorni-del-mediterraneo-1.png\" class=\"attachment-large size-large wp-image-521\" alt=\"\" srcset=\"https:\/\/festadelmediterraneo.org\/wp-content\/uploads\/2024\/07\/Eventi-singoli-giorni-del-mediterraneo-1.png 876w, https:\/\/festadelmediterraneo.org\/wp-content\/uploads\/2024\/07\/Eventi-singoli-giorni-del-mediterraneo-1-300x93.png 300w, https:\/\/festadelmediterraneo.org\/wp-content\/uploads\/2024\/07\/Eventi-singoli-giorni-del-mediterraneo-1-768x238.png 768w\" sizes=\"auto, (max-width: 876px) 100vw, 876px\" \/>\t\t\t\t\t\t\t\t\t\t\t\t\t\t\t<\/div>\n\t\t\t\t<\/div>\n\t\t\t\t\t<\/div>\n\t\t<\/div>\n\t\t\t\t<div class=\"elementor-column elementor-col-50 elementor-inner-column elementor-element elementor-element-d86378a\" data-id=\"d86378a\" data-element_type=\"column\">\n\t\t\t<div class=\"elementor-widget-wrap elementor-element-populated\">\n\t\t\t\t\t\t\t\t<div class=\"elementor-element elementor-element-fffa561 elementor-widget elementor-widget-heading\" data-id=\"fffa561\" data-element_type=\"widget\" data-widget_type=\"heading.default\">\n\t\t\t\t<div class=\"elementor-widget-container\">\n\t\t\t<style>\/*! elementor - v3.13.3 - 28-05-2023 *\/\n.elementor-heading-title{padding:0;margin:0;line-height:1}.elementor-widget-heading .elementor-heading-title[class*=elementor-size-]>a{color:inherit;font-size:inherit;line-height:inherit}.elementor-widget-heading .elementor-heading-title.elementor-size-small{font-size:15px}.elementor-widget-heading .elementor-heading-title.elementor-size-medium{font-size:19px}.elementor-widget-heading .elementor-heading-title.elementor-size-large{font-size:29px}.elementor-widget-heading .elementor-heading-title.elementor-size-xl{font-size:39px}.elementor-widget-heading .elementor-heading-title.elementor-size-xxl{font-size:59px}<\/style><h1 class=\"elementor-heading-title elementor-size-default\">Le Giornate del Mediterraneo<\/h1>\t\t<\/div>\n\t\t\t\t<\/div>\n\t\t\t\t<div class=\"elementor-element elementor-element-5943ece elementor-widget elementor-widget-heading\" data-id=\"5943ece\" data-element_type=\"widget\" data-widget_type=\"heading.default\">\n\t\t\t\t<div class=\"elementor-widget-container\">\n\t\t\t<h2 class=\"elementor-heading-title elementor-size-default\"><i>05.06.07.08 luglio 2024<\/i><\/h2>\t\t<\/div>\n\t\t\t\t<\/div>\n\t\t\t\t<div class=\"elementor-element elementor-element-cb64f1b elementor-widget elementor-widget-heading\" data-id=\"cb64f1b\" data-element_type=\"widget\" data-widget_type=\"heading.default\">\n\t\t\t\t<div class=\"elementor-widget-container\">\n\t\t\t<h2 class=\"elementor-heading-title elementor-size-default\">Dialoghi, incontri e dibattiti sul futuro del Mediterraneo<\/h2>\t\t<\/div>\n\t\t\t\t<\/div>\n\t\t\t\t\t<\/div>\n\t\t<\/div>\n\t\t\t\t\t\t\t<\/div>\n\t\t<\/section>\n\t\t\t\t<div class=\"elementor-element elementor-element-4bdd7e4 elementor-widget elementor-widget-spacer\" data-id=\"4bdd7e4\" data-element_type=\"widget\" data-widget_type=\"spacer.default\">\n\t\t\t\t<div class=\"elementor-widget-container\">\n\t\t\t\t\t<div class=\"elementor-spacer\">\n\t\t\t<div class=\"elementor-spacer-inner\"><\/div>\n\t\t<\/div>\n\t\t\t\t<\/div>\n\t\t\t\t<\/div>\n\t\t\t\t\t<\/div>\n\t\t<\/div>\n\t\t\t\t\t\t\t<\/div>\n\t\t<\/section>\n\t\t\t\t<section class=\"elementor-section elementor-top-section elementor-element elementor-element-0e369a2 elementor-section-boxed elementor-section-height-default elementor-section-height-default\" data-id=\"0e369a2\" data-element_type=\"section\">\n\t\t\t\t\t\t<div class=\"elementor-container elementor-column-gap-default\">\n\t\t\t\t\t<div class=\"elementor-column elementor-col-100 elementor-top-column elementor-element elementor-element-ee0d9fe\" data-id=\"ee0d9fe\" data-element_type=\"column\">\n\t\t\t<div class=\"elementor-widget-wrap elementor-element-populated\">\n\t\t\t\t\t\t\t\t<div class=\"elementor-element elementor-element-b9da2ab elementor-widget elementor-widget-spacer\" data-id=\"b9da2ab\" data-element_type=\"widget\" data-widget_type=\"spacer.default\">\n\t\t\t\t<div class=\"elementor-widget-container\">\n\t\t\t\t\t<div class=\"elementor-spacer\">\n\t\t\t<div class=\"elementor-spacer-inner\"><\/div>\n\t\t<\/div>\n\t\t\t\t<\/div>\n\t\t\t\t<\/div>\n\t\t\t\t\t<\/div>\n\t\t<\/div>\n\t\t\t\t\t\t\t<\/div>\n\t\t<\/section>\n\t\t\t\t<section class=\"elementor-section elementor-top-section elementor-element elementor-element-d0c93a2 elementor-section-boxed elementor-section-height-default elementor-section-height-default\" data-id=\"d0c93a2\" data-element_type=\"section\">\n\t\t\t\t\t\t<div class=\"elementor-container elementor-column-gap-default\">\n\t\t\t\t\t<div class=\"elementor-column elementor-col-100 elementor-top-column elementor-element elementor-element-ea2c377\" data-id=\"ea2c377\" data-element_type=\"column\">\n\t\t\t<div class=\"elementor-widget-wrap elementor-element-populated\">\n\t\t\t\t\t\t\t\t<div class=\"elementor-element elementor-element-90ba82e elementor-widget elementor-widget-text-editor\" data-id=\"90ba82e\" data-element_type=\"widget\" data-widget_type=\"text-editor.default\">\n\t\t\t\t<div class=\"elementor-widget-container\">\n\t\t\t<style>\/*! elementor - v3.13.3 - 28-05-2023 *\/\n.elementor-widget-text-editor.elementor-drop-cap-view-stacked .elementor-drop-cap{background-color:#69727d;color:#fff}.elementor-widget-text-editor.elementor-drop-cap-view-framed .elementor-drop-cap{color:#69727d;border:3px solid;background-color:transparent}.elementor-widget-text-editor:not(.elementor-drop-cap-view-default) .elementor-drop-cap{margin-top:8px}.elementor-widget-text-editor:not(.elementor-drop-cap-view-default) .elementor-drop-cap-letter{width:1em;height:1em}.elementor-widget-text-editor .elementor-drop-cap{float:left;text-align:center;line-height:1;font-size:50px}.elementor-widget-text-editor .elementor-drop-cap-letter{display:inline-block}<\/style>\t\t\t\t<p>Mediterraneo: fonte di prosperit\u00e0, crocevia di culture, tradizioni e sapori; bussola storica, politica, economica, naturalistica e culturale; fonte di vita per tutte le comunit\u00e0 che vi si affacciano. E cuore delle Terre del patrimonio immateriale UNESCO della Dieta Mediterranea. \u201cSiamo tutti mediterranei\u201d. E per ricordare la nostra \u201cMediterraneit\u00e0\u201d e rinsaldare il nostro legame con il &#8220;Mare Nostrum&#8221;, abbiamo deciso di dare vita alla Festa del Mediterraneo: un evento unico e partecipato che coinvolger\u00e0 il Comune di Pollica, nelle frazioni di Pioppi e Acciaroli. Dal 5 al 8 Luglio 2024, in occasione della Giornata Internazionale del Mar Mediterraneo, istituita l\u20198 luglio 2014 per celebrare il patrimonio culturale e naturale di questo straordinario ecosistema e aumentare la consapevolezza sul suo stato di salute e sui pericoli che lo minacciano, si terr\u00e0 una maratona di eventi all\u2019insegna del \u201cVivere Mediterraneo\u201d.<\/p>\t\t\t\t\t\t<\/div>\n\t\t\t\t<\/div>\n\t\t\t\t\t<\/div>\n\t\t<\/div>\n\t\t\t\t\t\t\t<\/div>\n\t\t<\/section>\n\t\t\t\t<section class=\"elementor-section elementor-top-section elementor-element elementor-element-cc276bf elementor-reverse-mobile elementor-section-boxed elementor-section-height-default elementor-section-height-default\" data-id=\"cc276bf\" data-element_type=\"section\">\n\t\t\t\t\t\t<div class=\"elementor-container elementor-column-gap-extended\">\n\t\t\t\t\t<div class=\"elementor-column elementor-col-50 elementor-top-column elementor-element elementor-element-f2b70dd\" data-id=\"f2b70dd\" data-element_type=\"column\">\n\t\t\t<div class=\"elementor-widget-wrap elementor-element-populated\">\n\t\t\t\t\t\t\t\t<div class=\"elementor-element elementor-element-84c1b57 elementor-widget elementor-widget-image\" data-id=\"84c1b57\" data-element_type=\"widget\" data-widget_type=\"image.default\">\n\t\t\t\t<div class=\"elementor-widget-container\">\n\t\t\t\t\t\t\t\t\t\t\t\t\t\t\t<img loading=\"lazy\" decoding=\"async\" width=\"1000\" height=\"816\" src=\"https:\/\/festadelmediterraneo.org\/wp-content\/uploads\/2024\/07\/woman-in-white-dress-stands-in-field-with-wheat-2023-11-27-05-15-47-utc-1.jpg\" class=\"attachment-large size-large wp-image-515\" alt=\"\" srcset=\"https:\/\/festadelmediterraneo.org\/wp-content\/uploads\/2024\/07\/woman-in-white-dress-stands-in-field-with-wheat-2023-11-27-05-15-47-utc-1.jpg 1000w, https:\/\/festadelmediterraneo.org\/wp-content\/uploads\/2024\/07\/woman-in-white-dress-stands-in-field-with-wheat-2023-11-27-05-15-47-utc-1-300x245.jpg 300w, https:\/\/festadelmediterraneo.org\/wp-content\/uploads\/2024\/07\/woman-in-white-dress-stands-in-field-with-wheat-2023-11-27-05-15-47-utc-1-768x627.jpg 768w\" sizes=\"auto, (max-width: 1000px) 100vw, 1000px\" \/>\t\t\t\t\t\t\t\t\t\t\t\t\t\t\t<\/div>\n\t\t\t\t<\/div>\n\t\t\t\t\t<\/div>\n\t\t<\/div>\n\t\t\t\t<div class=\"elementor-column elementor-col-50 elementor-top-column elementor-element elementor-element-01fd6b8\" data-id=\"01fd6b8\" data-element_type=\"column\">\n\t\t\t<div class=\"elementor-widget-wrap elementor-element-populated\">\n\t\t\t\t\t\t\t\t<div class=\"elementor-element elementor-element-6f574ea elementor-widget elementor-widget-heading\" data-id=\"6f574ea\" data-element_type=\"widget\" data-widget_type=\"heading.default\">\n\t\t\t\t<div class=\"elementor-widget-container\">\n\t\t\t<h2 class=\"elementor-heading-title elementor-size-default\"><i>5 Luglio<\/i><\/h2>\t\t<\/div>\n\t\t\t\t<\/div>\n\t\t\t\t<div class=\"elementor-element elementor-element-e63064f elementor-widget elementor-widget-heading\" data-id=\"e63064f\" data-element_type=\"widget\" data-widget_type=\"heading.default\">\n\t\t\t\t<div class=\"elementor-widget-container\">\n\t\t\t<h3 class=\"elementor-heading-title elementor-size-default\">H 20:30 Convivio<\/h3>\t\t<\/div>\n\t\t\t\t<\/div>\n\t\t\t\t<div class=\"elementor-element elementor-element-3b28e80 elementor-widget elementor-widget-heading\" data-id=\"3b28e80\" data-element_type=\"widget\" data-widget_type=\"heading.default\">\n\t\t\t\t<div class=\"elementor-widget-container\">\n\t\t\t<h3 class=\"elementor-heading-title elementor-size-default\">H 21:30 Med Talk<\/h3>\t\t<\/div>\n\t\t\t\t<\/div>\n\t\t\t\t<div class=\"elementor-element elementor-element-6437c8d elementor-widget elementor-widget-heading\" data-id=\"6437c8d\" data-element_type=\"widget\" data-widget_type=\"heading.default\">\n\t\t\t\t<div class=\"elementor-widget-container\">\n\t\t\t<h3 class=\"elementor-heading-title elementor-size-default\">Castello dei Principi Capano | Pollica<\/h3>\t\t<\/div>\n\t\t\t\t<\/div>\n\t\t\t\t<div class=\"elementor-element elementor-element-6583588 elementor-widget elementor-widget-heading\" data-id=\"6583588\" data-element_type=\"widget\" data-widget_type=\"heading.default\">\n\t\t\t\t<div class=\"elementor-widget-container\">\n\t\t\t<h2 class=\"elementor-heading-title elementor-size-default\">Seeds: semi di resilienza per \nil futuro del mediterraneo<\/h2>\t\t<\/div>\n\t\t\t\t<\/div>\n\t\t\t\t<div class=\"elementor-element elementor-element-921b2de elementor-widget elementor-widget-heading\" data-id=\"921b2de\" data-element_type=\"widget\" data-widget_type=\"heading.default\">\n\t\t\t\t<div class=\"elementor-widget-container\">\n\t\t\t<h2 class=\"elementor-heading-title elementor-size-default\">Con le delegazioni provenienti da  Italia, Marocco, Tunisia e Giordania del progetto SEEDS, che vede coinvolti Future Food Institute \ne la Facolt\u00e0 di Agraria dell\u2019Universit\u00e0 di Napoli Federico II<\/h2>\t\t<\/div>\n\t\t\t\t<\/div>\n\t\t\t\t\t<\/div>\n\t\t<\/div>\n\t\t\t\t\t\t\t<\/div>\n\t\t<\/section>\n\t\t\t\t<section class=\"elementor-section elementor-top-section elementor-element elementor-element-2d82001 elementor-reverse-mobile elementor-section-boxed elementor-section-height-default elementor-section-height-default\" data-id=\"2d82001\" data-element_type=\"section\">\n\t\t\t\t\t\t<div class=\"elementor-container elementor-column-gap-extended\">\n\t\t\t\t\t<div class=\"elementor-column elementor-col-50 elementor-top-column elementor-element elementor-element-6e7d789\" data-id=\"6e7d789\" data-element_type=\"column\">\n\t\t\t<div class=\"elementor-widget-wrap elementor-element-populated\">\n\t\t\t\t\t\t\t\t<div class=\"elementor-element elementor-element-f227fd6 elementor-widget elementor-widget-image\" data-id=\"f227fd6\" data-element_type=\"widget\" data-widget_type=\"image.default\">\n\t\t\t\t<div class=\"elementor-widget-container\">\n\t\t\t\t\t\t\t\t\t\t\t\t\t\t\t<img loading=\"lazy\" decoding=\"async\" width=\"536\" height=\"791\" src=\"https:\/\/festadelmediterraneo.org\/wp-content\/uploads\/2024\/07\/9788831019231_0_536_0_75.jpg\" class=\"attachment-large size-large wp-image-518\" alt=\"\" srcset=\"https:\/\/festadelmediterraneo.org\/wp-content\/uploads\/2024\/07\/9788831019231_0_536_0_75.jpg 536w, https:\/\/festadelmediterraneo.org\/wp-content\/uploads\/2024\/07\/9788831019231_0_536_0_75-203x300.jpg 203w\" sizes=\"auto, (max-width: 536px) 100vw, 536px\" \/>\t\t\t\t\t\t\t\t\t\t\t\t\t\t\t<\/div>\n\t\t\t\t<\/div>\n\t\t\t\t\t<\/div>\n\t\t<\/div>\n\t\t\t\t<div class=\"elementor-column elementor-col-50 elementor-top-column elementor-element elementor-element-8e4cb82\" data-id=\"8e4cb82\" data-element_type=\"column\">\n\t\t\t<div class=\"elementor-widget-wrap elementor-element-populated\">\n\t\t\t\t\t\t\t\t<div class=\"elementor-element elementor-element-80ff2ff elementor-widget elementor-widget-heading\" data-id=\"80ff2ff\" data-element_type=\"widget\" data-widget_type=\"heading.default\">\n\t\t\t\t<div class=\"elementor-widget-container\">\n\t\t\t<h2 class=\"elementor-heading-title elementor-size-default\"><i>6 Luglio<\/i><\/h2>\t\t<\/div>\n\t\t\t\t<\/div>\n\t\t\t\t<div class=\"elementor-element elementor-element-db89eba elementor-widget elementor-widget-heading\" data-id=\"db89eba\" data-element_type=\"widget\" data-widget_type=\"heading.default\">\n\t\t\t\t<div class=\"elementor-widget-container\">\n\t\t\t<h3 class=\"elementor-heading-title elementor-size-default\">H 19:00<\/h3>\t\t<\/div>\n\t\t\t\t<\/div>\n\t\t\t\t<div class=\"elementor-element elementor-element-84d66ba elementor-widget elementor-widget-heading\" data-id=\"84d66ba\" data-element_type=\"widget\" data-widget_type=\"heading.default\">\n\t\t\t\t<div class=\"elementor-widget-container\">\n\t\t\t<h3 class=\"elementor-heading-title elementor-size-default\">Molo di sopraflutto | Acciaroli<\/h3>\t\t<\/div>\n\t\t\t\t<\/div>\n\t\t\t\t<div class=\"elementor-element elementor-element-09b7eaa elementor-widget elementor-widget-heading\" data-id=\"09b7eaa\" data-element_type=\"widget\" data-widget_type=\"heading.default\">\n\t\t\t\t<div class=\"elementor-widget-container\">\n\t\t\t<h2 class=\"elementor-heading-title elementor-size-default\">Alessandro Brunello presenta\n\"Cambio vita, vado al sud\"<\/h2>\t\t<\/div>\n\t\t\t\t<\/div>\n\t\t\t\t\t<\/div>\n\t\t<\/div>\n\t\t\t\t\t\t\t<\/div>\n\t\t<\/section>\n\t\t\t\t<section class=\"elementor-section elementor-top-section elementor-element elementor-element-1bc9296 elementor-reverse-mobile elementor-section-boxed elementor-section-height-default elementor-section-height-default\" data-id=\"1bc9296\" data-element_type=\"section\">\n\t\t\t\t\t\t<div class=\"elementor-container elementor-column-gap-extended\">\n\t\t\t\t\t<div class=\"elementor-column elementor-col-50 elementor-top-column elementor-element elementor-element-3b9e4ed\" data-id=\"3b9e4ed\" data-element_type=\"column\">\n\t\t\t<div class=\"elementor-widget-wrap elementor-element-populated\">\n\t\t\t\t\t\t\t\t<div class=\"elementor-element elementor-element-47678d2 elementor-widget elementor-widget-image\" data-id=\"47678d2\" data-element_type=\"widget\" data-widget_type=\"image.default\">\n\t\t\t\t<div class=\"elementor-widget-container\">\n\t\t\t\t\t\t\t\t\t\t\t\t\t\t\t<img loading=\"lazy\" decoding=\"async\" width=\"653\" height=\"980\" src=\"https:\/\/festadelmediterraneo.org\/wp-content\/uploads\/2024\/07\/9788832966558_0_0_980_0.jpg\" class=\"attachment-large size-large wp-image-519\" alt=\"\" srcset=\"https:\/\/festadelmediterraneo.org\/wp-content\/uploads\/2024\/07\/9788832966558_0_0_980_0.jpg 653w, https:\/\/festadelmediterraneo.org\/wp-content\/uploads\/2024\/07\/9788832966558_0_0_980_0-200x300.jpg 200w\" sizes=\"auto, (max-width: 653px) 100vw, 653px\" \/>\t\t\t\t\t\t\t\t\t\t\t\t\t\t\t<\/div>\n\t\t\t\t<\/div>\n\t\t\t\t\t<\/div>\n\t\t<\/div>\n\t\t\t\t<div class=\"elementor-column elementor-col-50 elementor-top-column elementor-element elementor-element-32374f6\" data-id=\"32374f6\" data-element_type=\"column\">\n\t\t\t<div class=\"elementor-widget-wrap elementor-element-populated\">\n\t\t\t\t\t\t\t\t<div class=\"elementor-element elementor-element-9480003 elementor-widget elementor-widget-heading\" data-id=\"9480003\" data-element_type=\"widget\" data-widget_type=\"heading.default\">\n\t\t\t\t<div class=\"elementor-widget-container\">\n\t\t\t<h2 class=\"elementor-heading-title elementor-size-default\"><i>6 Luglio<\/i><\/h2>\t\t<\/div>\n\t\t\t\t<\/div>\n\t\t\t\t<div class=\"elementor-element elementor-element-afdade1 elementor-widget elementor-widget-heading\" data-id=\"afdade1\" data-element_type=\"widget\" data-widget_type=\"heading.default\">\n\t\t\t\t<div class=\"elementor-widget-container\">\n\t\t\t<h3 class=\"elementor-heading-title elementor-size-default\">H 21:00<\/h3>\t\t<\/div>\n\t\t\t\t<\/div>\n\t\t\t\t<div class=\"elementor-element elementor-element-8f51d36 elementor-widget elementor-widget-heading\" data-id=\"8f51d36\" data-element_type=\"widget\" data-widget_type=\"heading.default\">\n\t\t\t\t<div class=\"elementor-widget-container\">\n\t\t\t<h3 class=\"elementor-heading-title elementor-size-default\">Molo di sopraflutto | Acciaroli<\/h3>\t\t<\/div>\n\t\t\t\t<\/div>\n\t\t\t\t<div class=\"elementor-element elementor-element-7077f2a elementor-widget__width-initial elementor-widget elementor-widget-heading\" data-id=\"7077f2a\" data-element_type=\"widget\" data-widget_type=\"heading.default\">\n\t\t\t\t<div class=\"elementor-widget-container\">\n\t\t\t<h2 class=\"elementor-heading-title elementor-size-default\">Davide Casaleggio presenta\n\"Gli algoritmi del potere\"<\/h2>\t\t<\/div>\n\t\t\t\t<\/div>\n\t\t\t\t<div class=\"elementor-element elementor-element-706e552 elementor-widget elementor-widget-heading\" data-id=\"706e552\" data-element_type=\"widget\" data-widget_type=\"heading.default\">\n\t\t\t\t<div class=\"elementor-widget-container\">\n\t\t\t<h2 class=\"elementor-heading-title elementor-size-default\">\"Come l\u2019intelligenza artificiale riscrive la politica e la societ\u00e0\"<\/h2>\t\t<\/div>\n\t\t\t\t<\/div>\n\t\t\t\t<div class=\"elementor-element elementor-element-658e939 elementor-widget elementor-widget-heading\" data-id=\"658e939\" data-element_type=\"widget\" data-widget_type=\"heading.default\">\n\t\t\t\t<div class=\"elementor-widget-container\">\n\t\t\t<h2 class=\"elementor-heading-title elementor-size-default\">Con Luca Corsolini<\/h2>\t\t<\/div>\n\t\t\t\t<\/div>\n\t\t\t\t\t<\/div>\n\t\t<\/div>\n\t\t\t\t\t\t\t<\/div>\n\t\t<\/section>\n\t\t\t\t<section class=\"elementor-section elementor-top-section elementor-element elementor-element-e2e7914 elementor-reverse-mobile elementor-section-boxed elementor-section-height-default elementor-section-height-default\" data-id=\"e2e7914\" data-element_type=\"section\">\n\t\t\t\t\t\t<div class=\"elementor-container elementor-column-gap-extended\">\n\t\t\t\t\t<div class=\"elementor-column elementor-col-50 elementor-top-column elementor-element elementor-element-10ae0fa\" data-id=\"10ae0fa\" data-element_type=\"column\">\n\t\t\t<div class=\"elementor-widget-wrap elementor-element-populated\">\n\t\t\t\t\t\t\t\t<div class=\"elementor-element elementor-element-6355cb2 elementor-widget elementor-widget-image\" data-id=\"6355cb2\" data-element_type=\"widget\" data-widget_type=\"image.default\">\n\t\t\t\t<div class=\"elementor-widget-container\">\n\t\t\t\t\t\t\t\t\t\t\t\t\t\t\t<img loading=\"lazy\" decoding=\"async\" width=\"1024\" height=\"537\" src=\"https:\/\/festadelmediterraneo.org\/wp-content\/uploads\/2024\/07\/Landscape-Micro-1024x537.jpg\" class=\"attachment-large size-large wp-image-517\" alt=\"\" srcset=\"https:\/\/festadelmediterraneo.org\/wp-content\/uploads\/2024\/07\/Landscape-Micro-1024x537.jpg 1024w, https:\/\/festadelmediterraneo.org\/wp-content\/uploads\/2024\/07\/Landscape-Micro-300x157.jpg 300w, https:\/\/festadelmediterraneo.org\/wp-content\/uploads\/2024\/07\/Landscape-Micro-768x402.jpg 768w, https:\/\/festadelmediterraneo.org\/wp-content\/uploads\/2024\/07\/Landscape-Micro.jpg 1080w\" sizes=\"auto, (max-width: 1024px) 100vw, 1024px\" \/>\t\t\t\t\t\t\t\t\t\t\t\t\t\t\t<\/div>\n\t\t\t\t<\/div>\n\t\t\t\t\t<\/div>\n\t\t<\/div>\n\t\t\t\t<div class=\"elementor-column elementor-col-50 elementor-top-column elementor-element elementor-element-65f9762\" data-id=\"65f9762\" data-element_type=\"column\">\n\t\t\t<div class=\"elementor-widget-wrap elementor-element-populated\">\n\t\t\t\t\t\t\t\t<div class=\"elementor-element elementor-element-b2fa676 elementor-widget elementor-widget-heading\" data-id=\"b2fa676\" data-element_type=\"widget\" data-widget_type=\"heading.default\">\n\t\t\t\t<div class=\"elementor-widget-container\">\n\t\t\t<h2 class=\"elementor-heading-title elementor-size-default\"><i>7 Luglio<\/i><\/h2>\t\t<\/div>\n\t\t\t\t<\/div>\n\t\t\t\t<div class=\"elementor-element elementor-element-d523de0 elementor-widget elementor-widget-heading\" data-id=\"d523de0\" data-element_type=\"widget\" data-widget_type=\"heading.default\">\n\t\t\t\t<div class=\"elementor-widget-container\">\n\t\t\t<h3 class=\"elementor-heading-title elementor-size-default\">H 21:30<\/h3>\t\t<\/div>\n\t\t\t\t<\/div>\n\t\t\t\t<div class=\"elementor-element elementor-element-932a21e elementor-widget elementor-widget-heading\" data-id=\"932a21e\" data-element_type=\"widget\" data-widget_type=\"heading.default\">\n\t\t\t\t<div class=\"elementor-widget-container\">\n\t\t\t<h3 class=\"elementor-heading-title elementor-size-default\">Molo di sopraflutto | Acciaroli<\/h3>\t\t<\/div>\n\t\t\t\t<\/div>\n\t\t\t\t<div class=\"elementor-element elementor-element-5d76a24 elementor-widget__width-initial elementor-widget elementor-widget-heading\" data-id=\"5d76a24\" data-element_type=\"widget\" data-widget_type=\"heading.default\">\n\t\t\t\t<div class=\"elementor-widget-container\">\n\t\t\t<h2 class=\"elementor-heading-title elementor-size-default\">Micro:\nla minaccia invisibile<\/h2>\t\t<\/div>\n\t\t\t\t<\/div>\n\t\t\t\t<div class=\"elementor-element elementor-element-4ba7cd6 elementor-widget elementor-widget-heading\" data-id=\"4ba7cd6\" data-element_type=\"widget\" data-widget_type=\"heading.default\">\n\t\t\t\t<div class=\"elementor-widget-container\">\n\t\t\t<h2 class=\"elementor-heading-title elementor-size-default\">(Italia\/2023) di Giuseppe barile<\/h2>\t\t<\/div>\n\t\t\t\t<\/div>\n\t\t\t\t<div class=\"elementor-element elementor-element-cffe68a elementor-widget elementor-widget-text-editor\" data-id=\"cffe68a\" data-element_type=\"widget\" data-widget_type=\"text-editor.default\">\n\t\t\t\t<div class=\"elementor-widget-container\">\n\t\t\t\t\t\t\t<p class=\"cvGsUA direction-ltr align-start para-style-body\"><span class=\"OYPEnA text-decoration-none text-strikethrough-none\">A seguire dibattito con:<\/span><\/p><p class=\"cvGsUA direction-ltr align-start para-style-body\"><span class=\"OYPEnA text-decoration-none text-strikethrough-none\"><strong>Giuseppe Barile<\/strong> \u2013 <\/span><span class=\"OYPEnA text-decoration-none text-strikethrough-none\">Regista<\/span><\/p><p class=\"cvGsUA direction-ltr align-start para-style-body\"><span class=\"OYPEnA text-decoration-none text-strikethrough-none\"><strong>Stefano Pisani<\/strong> \u2013 <\/span><span class=\"OYPEnA text-decoration-none text-strikethrough-none\">Sindaco di Pollica<\/span><\/p><p class=\"cvGsUA direction-ltr align-start para-style-body\"><span class=\"OYPEnA text-decoration-none text-strikethrough-none\"><strong>Michele Buonomo<\/strong> \u2013L<\/span><span class=\"OYPEnA text-decoration-none text-strikethrough-none\">egambiente<\/span><\/p><p class=\"cvGsUA direction-ltr align-start para-style-body\"><span class=\"OYPEnA text-decoration-none text-strikethrough-none\"><strong>Sara Roversi<\/strong> \u2013 <\/span><span class=\"OYPEnA text-decoration-none text-strikethrough-none\">Presidente Future Food<\/span> <span class=\"OYPEnA text-decoration-none text-strikethrough-none\">Institute<\/span><\/p>\t\t\t\t\t\t<\/div>\n\t\t\t\t<\/div>\n\t\t\t\t\t<\/div>\n\t\t<\/div>\n\t\t\t\t\t\t\t<\/div>\n\t\t<\/section>\n\t\t\t\t<section class=\"elementor-section elementor-top-section elementor-element elementor-element-b7e5304 elementor-reverse-mobile elementor-section-boxed elementor-section-height-default elementor-section-height-default\" data-id=\"b7e5304\" data-element_type=\"section\">\n\t\t\t\t\t\t<div class=\"elementor-container elementor-column-gap-extended\">\n\t\t\t\t\t<div class=\"elementor-column elementor-col-50 elementor-top-column elementor-element elementor-element-760cc68\" data-id=\"760cc68\" data-element_type=\"column\">\n\t\t\t<div class=\"elementor-widget-wrap elementor-element-populated\">\n\t\t\t\t\t\t\t\t<div class=\"elementor-element elementor-element-07ca978 elementor-widget elementor-widget-image\" data-id=\"07ca978\" data-element_type=\"widget\" data-widget_type=\"image.default\">\n\t\t\t\t<div class=\"elementor-widget-container\">\n\t\t\t\t\t\t\t\t\t\t\t\t\t\t\t<img loading=\"lazy\" decoding=\"async\" width=\"1000\" height=\"1000\" src=\"https:\/\/festadelmediterraneo.org\/wp-content\/uploads\/2024\/07\/Eventi-singoli-giorni-del-mediterraneo.png\" class=\"attachment-large size-large wp-image-516\" alt=\"\" srcset=\"https:\/\/festadelmediterraneo.org\/wp-content\/uploads\/2024\/07\/Eventi-singoli-giorni-del-mediterraneo.png 1000w, https:\/\/festadelmediterraneo.org\/wp-content\/uploads\/2024\/07\/Eventi-singoli-giorni-del-mediterraneo-300x300.png 300w, https:\/\/festadelmediterraneo.org\/wp-content\/uploads\/2024\/07\/Eventi-singoli-giorni-del-mediterraneo-150x150.png 150w, https:\/\/festadelmediterraneo.org\/wp-content\/uploads\/2024\/07\/Eventi-singoli-giorni-del-mediterraneo-768x768.png 768w\" sizes=\"auto, (max-width: 1000px) 100vw, 1000px\" \/>\t\t\t\t\t\t\t\t\t\t\t\t\t\t\t<\/div>\n\t\t\t\t<\/div>\n\t\t\t\t\t<\/div>\n\t\t<\/div>\n\t\t\t\t<div class=\"elementor-column elementor-col-50 elementor-top-column elementor-element elementor-element-4b7fca7\" data-id=\"4b7fca7\" data-element_type=\"column\">\n\t\t\t<div class=\"elementor-widget-wrap elementor-element-populated\">\n\t\t\t\t\t\t\t\t<div class=\"elementor-element elementor-element-00dc4c9 elementor-widget elementor-widget-heading\" data-id=\"00dc4c9\" data-element_type=\"widget\" data-widget_type=\"heading.default\">\n\t\t\t\t<div class=\"elementor-widget-container\">\n\t\t\t<h2 class=\"elementor-heading-title elementor-size-default\"><i>8 Luglio<\/i><\/h2>\t\t<\/div>\n\t\t\t\t<\/div>\n\t\t\t\t<div class=\"elementor-element elementor-element-caa7310 elementor-widget elementor-widget-heading\" data-id=\"caa7310\" data-element_type=\"widget\" data-widget_type=\"heading.default\">\n\t\t\t\t<div class=\"elementor-widget-container\">\n\t\t\t<h3 class=\"elementor-heading-title elementor-size-default\">H 20:30 Convivio<\/h3>\t\t<\/div>\n\t\t\t\t<\/div>\n\t\t\t\t<div class=\"elementor-element elementor-element-14f9fbf elementor-widget elementor-widget-heading\" data-id=\"14f9fbf\" data-element_type=\"widget\" data-widget_type=\"heading.default\">\n\t\t\t\t<div class=\"elementor-widget-container\">\n\t\t\t<h3 class=\"elementor-heading-title elementor-size-default\">H 21:30 Med Talk<\/h3>\t\t<\/div>\n\t\t\t\t<\/div>\n\t\t\t\t<div class=\"elementor-element elementor-element-a498bed elementor-widget elementor-widget-heading\" data-id=\"a498bed\" data-element_type=\"widget\" data-widget_type=\"heading.default\">\n\t\t\t\t<div class=\"elementor-widget-container\">\n\t\t\t<h3 class=\"elementor-heading-title elementor-size-default\"><h3 data-elementor-setting-key=\"title\" data-pen-placeholder=\"Type Here...\" style=\"font-style: normal;\">Castello dei Principi Capano | Pollica<\/h3><\/h3>\t\t<\/div>\n\t\t\t\t<\/div>\n\t\t\t\t<div class=\"elementor-element elementor-element-eac4210 elementor-widget__width-initial elementor-widget elementor-widget-heading\" data-id=\"eac4210\" data-element_type=\"widget\" data-widget_type=\"heading.default\">\n\t\t\t\t<div class=\"elementor-widget-container\">\n\t\t\t<h2 class=\"elementor-heading-title elementor-size-default\">Mediterraneo al centro: \nun futuro presente<\/h2>\t\t<\/div>\n\t\t\t\t<\/div>\n\t\t\t\t<div class=\"elementor-element elementor-element-f172f37 elementor-widget elementor-widget-heading\" data-id=\"f172f37\" data-element_type=\"widget\" data-widget_type=\"heading.default\">\n\t\t\t\t<div class=\"elementor-widget-container\">\n\t\t\t<h2 class=\"elementor-heading-title elementor-size-default\">a cura di LIMES<\/h2>\t\t<\/div>\n\t\t\t\t<\/div>\n\t\t\t\t<div class=\"elementor-element elementor-element-de2df09 elementor-widget elementor-widget-heading\" data-id=\"de2df09\" data-element_type=\"widget\" data-widget_type=\"heading.default\">\n\t\t\t\t<div class=\"elementor-widget-container\">\n\t\t\t<h2 class=\"elementor-heading-title elementor-size-default\">Dialogo con Fabrizio Maronta\nche esplorer\u00e0 le dimensioni economiche, commerciali \ne geopolitiche del Mediterraneo.<\/h2>\t\t<\/div>\n\t\t\t\t<\/div>\n\t\t\t\t\t<\/div>\n\t\t<\/div>\n\t\t\t\t\t\t\t<\/div>\n\t\t<\/section>\n\t\t\t\t<section class=\"elementor-section elementor-top-section elementor-element elementor-element-97f27dd elementor-section-boxed elementor-section-height-default elementor-section-height-default\" data-id=\"97f27dd\" data-element_type=\"section\">\n\t\t\t\t\t\t<div class=\"elementor-container elementor-column-gap-default\">\n\t\t\t\t\t<div class=\"elementor-column elementor-col-25 elementor-top-column elementor-element elementor-element-6eb557d\" data-id=\"6eb557d\" data-element_type=\"column\">\n\t\t\t<div class=\"elementor-widget-wrap elementor-element-populated\">\n\t\t\t\t\t\t\t\t<div class=\"elementor-element elementor-element-ad9e992 elementor-widget-mobile__width-initial elementor-widget elementor-widget-image\" data-id=\"ad9e992\" data-element_type=\"widget\" data-widget_type=\"image.default\">\n\t\t\t\t<div class=\"elementor-widget-container\">\n\t\t\t\t\t\t\t\t\t\t\t\t\t\t\t<img loading=\"lazy\" decoding=\"async\" width=\"500\" height=\"709\" src=\"https:\/\/festadelmediterraneo.org\/wp-content\/uploads\/2024\/07\/Copia-di-COMUNE-DI-POLLICA.jpg\" class=\"attachment-large size-large wp-image-513\" alt=\"\" srcset=\"https:\/\/festadelmediterraneo.org\/wp-content\/uploads\/2024\/07\/Copia-di-COMUNE-DI-POLLICA.jpg 500w, https:\/\/festadelmediterraneo.org\/wp-content\/uploads\/2024\/07\/Copia-di-COMUNE-DI-POLLICA-212x300.jpg 212w\" sizes=\"auto, (max-width: 500px) 100vw, 500px\" \/>\t\t\t\t\t\t\t\t\t\t\t\t\t\t\t<\/div>\n\t\t\t\t<\/div>\n\t\t\t\t\t<\/div>\n\t\t<\/div>\n\t\t\t\t<div class=\"elementor-column elementor-col-25 elementor-top-column elementor-element elementor-element-56bebb3\" data-id=\"56bebb3\" data-element_type=\"column\">\n\t\t\t<div class=\"elementor-widget-wrap elementor-element-populated\">\n\t\t\t\t\t\t\t\t<div class=\"elementor-element elementor-element-cfd7a3f elementor-widget-mobile__width-initial elementor-widget elementor-widget-image\" data-id=\"cfd7a3f\" data-element_type=\"widget\" data-widget_type=\"image.default\">\n\t\t\t\t<div class=\"elementor-widget-container\">\n\t\t\t\t\t\t\t\t\t\t\t\t\t\t\t<img loading=\"lazy\" decoding=\"async\" width=\"500\" height=\"500\" src=\"https:\/\/festadelmediterraneo.org\/wp-content\/uploads\/2023\/06\/29.png\" class=\"attachment-large size-large wp-image-210\" alt=\"\" srcset=\"https:\/\/festadelmediterraneo.org\/wp-content\/uploads\/2023\/06\/29.png 500w, https:\/\/festadelmediterraneo.org\/wp-content\/uploads\/2023\/06\/29-300x300.png 300w, https:\/\/festadelmediterraneo.org\/wp-content\/uploads\/2023\/06\/29-150x150.png 150w\" sizes=\"auto, (max-width: 500px) 100vw, 500px\" \/>\t\t\t\t\t\t\t\t\t\t\t\t\t\t\t<\/div>\n\t\t\t\t<\/div>\n\t\t\t\t\t<\/div>\n\t\t<\/div>\n\t\t\t\t<div class=\"elementor-column elementor-col-25 elementor-top-column elementor-element elementor-element-a26a0f6\" data-id=\"a26a0f6\" data-element_type=\"column\">\n\t\t\t<div class=\"elementor-widget-wrap elementor-element-populated\">\n\t\t\t\t\t\t\t\t<div class=\"elementor-element elementor-element-5f34b8b elementor-widget-mobile__width-initial elementor-widget__width-initial elementor-widget elementor-widget-image\" data-id=\"5f34b8b\" data-element_type=\"widget\" data-widget_type=\"image.default\">\n\t\t\t\t<div class=\"elementor-widget-container\">\n\t\t\t\t\t\t\t\t\t\t\t\t\t\t\t<img loading=\"lazy\" decoding=\"async\" width=\"940\" height=\"708\" src=\"https:\/\/festadelmediterraneo.org\/wp-content\/uploads\/2024\/07\/Paideia_Black_Vertical@3x.png\" class=\"attachment-large size-large wp-image-512\" alt=\"\" srcset=\"https:\/\/festadelmediterraneo.org\/wp-content\/uploads\/2024\/07\/Paideia_Black_Vertical@3x.png 940w, https:\/\/festadelmediterraneo.org\/wp-content\/uploads\/2024\/07\/Paideia_Black_Vertical@3x-300x226.png 300w, https:\/\/festadelmediterraneo.org\/wp-content\/uploads\/2024\/07\/Paideia_Black_Vertical@3x-768x578.png 768w\" sizes=\"auto, (max-width: 940px) 100vw, 940px\" \/>\t\t\t\t\t\t\t\t\t\t\t\t\t\t\t<\/div>\n\t\t\t\t<\/div>\n\t\t\t\t\t<\/div>\n\t\t<\/div>\n\t\t\t\t<div class=\"elementor-column elementor-col-25 elementor-top-column elementor-element elementor-element-1bef976\" data-id=\"1bef976\" data-element_type=\"column\">\n\t\t\t<div class=\"elementor-widget-wrap elementor-element-populated\">\n\t\t\t\t\t\t\t\t<div class=\"elementor-element elementor-element-f3f7a06 elementor-widget-mobile__width-inherit elementor-widget__width-initial elementor-widget elementor-widget-image\" data-id=\"f3f7a06\" data-element_type=\"widget\" data-widget_type=\"image.default\">\n\t\t\t\t<div class=\"elementor-widget-container\">\n\t\t\t\t\t\t\t\t\t\t\t\t\t\t\t<img loading=\"lazy\" decoding=\"async\" width=\"1024\" height=\"364\" src=\"https:\/\/festadelmediterraneo.org\/wp-content\/uploads\/2024\/07\/Bando-Borghi-B-e1721040768237-1024x364.png\" class=\"attachment-large size-large wp-image-509\" alt=\"\" srcset=\"https:\/\/festadelmediterraneo.org\/wp-content\/uploads\/2024\/07\/Bando-Borghi-B-e1721040768237-1024x364.png 1024w, https:\/\/festadelmediterraneo.org\/wp-content\/uploads\/2024\/07\/Bando-Borghi-B-e1721040768237-768x273.png 768w\" sizes=\"auto, (max-width: 1024px) 100vw, 1024px\" \/>\t\t\t\t\t\t\t\t\t\t\t\t\t\t\t<\/div>\n\t\t\t\t<\/div>\n\t\t\t\t\t<\/div>\n\t\t<\/div>\n\t\t\t\t\t\t\t<\/div>\n\t\t<\/section>\n\t\t\t\t<section class=\"elementor-section elementor-top-section elementor-element elementor-element-f0f0eda elementor-section-boxed elementor-section-height-default elementor-section-height-default\" data-id=\"f0f0eda\" data-element_type=\"section\">\n\t\t\t\t\t\t<div class=\"elementor-container elementor-column-gap-default\">\n\t\t\t\t\t<div class=\"elementor-column elementor-col-100 elementor-top-column elementor-element elementor-element-820af3d\" data-id=\"820af3d\" data-element_type=\"column\">\n\t\t\t<div class=\"elementor-widget-wrap elementor-element-populated\">\n\t\t\t\t\t\t\t\t<div class=\"elementor-element elementor-element-e569822 elementor-widget elementor-widget-spacer\" data-id=\"e569822\" data-element_type=\"widget\" data-widget_type=\"spacer.default\">\n\t\t\t\t<div class=\"elementor-widget-container\">\n\t\t\t\t\t<div class=\"elementor-spacer\">\n\t\t\t<div class=\"elementor-spacer-inner\"><\/div>\n\t\t<\/div>\n\t\t\t\t<\/div>\n\t\t\t\t<\/div>\n\t\t\t\t<div class=\"elementor-element elementor-element-a12e561 elementor-widget-divider--view-line elementor-widget elementor-widget-divider\" data-id=\"a12e561\" data-element_type=\"widget\" data-widget_type=\"divider.default\">\n\t\t\t\t<div class=\"elementor-widget-container\">\n\t\t\t<style>\/*! elementor - v3.13.3 - 28-05-2023 *\/\n.elementor-widget-divider{--divider-border-style:none;--divider-border-width:1px;--divider-color:#0c0d0e;--divider-icon-size:20px;--divider-element-spacing:10px;--divider-pattern-height:24px;--divider-pattern-size:20px;--divider-pattern-url:none;--divider-pattern-repeat:repeat-x}.elementor-widget-divider .elementor-divider{display:flex}.elementor-widget-divider .elementor-divider__text{font-size:15px;line-height:1;max-width:95%}.elementor-widget-divider .elementor-divider__element{margin:0 var(--divider-element-spacing);flex-shrink:0}.elementor-widget-divider .elementor-icon{font-size:var(--divider-icon-size)}.elementor-widget-divider .elementor-divider-separator{display:flex;margin:0;direction:ltr}.elementor-widget-divider--view-line_icon .elementor-divider-separator,.elementor-widget-divider--view-line_text .elementor-divider-separator{align-items:center}.elementor-widget-divider--view-line_icon .elementor-divider-separator:after,.elementor-widget-divider--view-line_icon .elementor-divider-separator:before,.elementor-widget-divider--view-line_text .elementor-divider-separator:after,.elementor-widget-divider--view-line_text .elementor-divider-separator:before{display:block;content:\"\";border-bottom:0;flex-grow:1;border-top:var(--divider-border-width) var(--divider-border-style) var(--divider-color)}.elementor-widget-divider--element-align-left .elementor-divider .elementor-divider-separator>.elementor-divider__svg:first-of-type{flex-grow:0;flex-shrink:100}.elementor-widget-divider--element-align-left .elementor-divider-separator:before{content:none}.elementor-widget-divider--element-align-left .elementor-divider__element{margin-left:0}.elementor-widget-divider--element-align-right .elementor-divider .elementor-divider-separator>.elementor-divider__svg:last-of-type{flex-grow:0;flex-shrink:100}.elementor-widget-divider--element-align-right .elementor-divider-separator:after{content:none}.elementor-widget-divider--element-align-right .elementor-divider__element{margin-right:0}.elementor-widget-divider:not(.elementor-widget-divider--view-line_text):not(.elementor-widget-divider--view-line_icon) .elementor-divider-separator{border-top:var(--divider-border-width) var(--divider-border-style) var(--divider-color)}.elementor-widget-divider--separator-type-pattern{--divider-border-style:none}.elementor-widget-divider--separator-type-pattern.elementor-widget-divider--view-line .elementor-divider-separator,.elementor-widget-divider--separator-type-pattern:not(.elementor-widget-divider--view-line) .elementor-divider-separator:after,.elementor-widget-divider--separator-type-pattern:not(.elementor-widget-divider--view-line) .elementor-divider-separator:before,.elementor-widget-divider--separator-type-pattern:not([class*=elementor-widget-divider--view]) .elementor-divider-separator{width:100%;min-height:var(--divider-pattern-height);-webkit-mask-size:var(--divider-pattern-size) 100%;mask-size:var(--divider-pattern-size) 100%;-webkit-mask-repeat:var(--divider-pattern-repeat);mask-repeat:var(--divider-pattern-repeat);background-color:var(--divider-color);-webkit-mask-image:var(--divider-pattern-url);mask-image:var(--divider-pattern-url)}.elementor-widget-divider--no-spacing{--divider-pattern-size:auto}.elementor-widget-divider--bg-round{--divider-pattern-repeat:round}.rtl .elementor-widget-divider .elementor-divider__text{direction:rtl}.e-con-inner>.elementor-widget-divider,.e-con>.elementor-widget-divider{width:var(--container-widget-width,100%);--flex-grow:var(--container-widget-flex-grow)}<\/style>\t\t<div class=\"elementor-divider\">\n\t\t\t<span class=\"elementor-divider-separator\">\n\t\t\t\t\t\t<\/span>\n\t\t<\/div>\n\t\t\t\t<\/div>\n\t\t\t\t<\/div>\n\t\t\t\t<div class=\"elementor-element elementor-element-97e31a6 elementor-widget elementor-widget-spacer\" data-id=\"97e31a6\" data-element_type=\"widget\" data-widget_type=\"spacer.default\">\n\t\t\t\t<div class=\"elementor-widget-container\">\n\t\t\t\t\t<div class=\"elementor-spacer\">\n\t\t\t<div class=\"elementor-spacer-inner\"><\/div>\n\t\t<\/div>\n\t\t\t\t<\/div>\n\t\t\t\t<\/div>\n\t\t\t\t<div class=\"elementor-element elementor-element-c91ecf1 elementor-widget elementor-widget-heading\" data-id=\"c91ecf1\" data-element_type=\"widget\" data-widget_type=\"heading.default\">\n\t\t\t\t<div class=\"elementor-widget-container\">\n\t\t\t<h2 class=\"elementor-heading-title elementor-size-default\">Edizione 2023<\/h2>\t\t<\/div>\n\t\t\t\t<\/div>\n\t\t\t\t<div class=\"elementor-element elementor-element-4eb36a7 elementor-widget elementor-widget-image\" data-id=\"4eb36a7\" data-element_type=\"widget\" data-widget_type=\"image.default\">\n\t\t\t\t<div class=\"elementor-widget-container\">\n\t\t\t\t\t\t\t\t\t\t\t\t\t\t\t<img loading=\"lazy\" decoding=\"async\" width=\"600\" height=\"600\" src=\"https:\/\/festadelmediterraneo.org\/wp-content\/uploads\/2023\/06\/logo-dieta-mediterranea-122x122.png\" class=\"attachment-large size-large wp-image-27\" alt=\"\" srcset=\"https:\/\/festadelmediterraneo.org\/wp-content\/uploads\/2023\/06\/logo-dieta-mediterranea.png 600w, https:\/\/festadelmediterraneo.org\/wp-content\/uploads\/2023\/06\/logo-dieta-mediterranea-300x300.png 300w, https:\/\/festadelmediterraneo.org\/wp-content\/uploads\/2023\/06\/logo-dieta-mediterranea-150x150.png 150w, https:\/\/festadelmediterraneo.org\/wp-content\/uploads\/2023\/06\/logo-dieta-mediterranea-122x122.png 122w\" sizes=\"auto, (max-width: 600px) 100vw, 600px\" \/>\t\t\t\t\t\t\t\t\t\t\t\t\t\t\t<\/div>\n\t\t\t\t<\/div>\n\t\t\t\t\t<\/div>\n\t\t<\/div>\n\t\t\t\t\t\t\t<\/div>\n\t\t<\/section>\n\t\t\t\t<section class=\"elementor-section elementor-top-section elementor-element elementor-element-b7762e7 elementor-section-boxed elementor-section-height-default elementor-section-height-default\" data-id=\"b7762e7\" data-element_type=\"section\">\n\t\t\t\t\t\t<div class=\"elementor-container elementor-column-gap-default\">\n\t\t\t\t\t<div class=\"elementor-column elementor-col-100 elementor-top-column elementor-element elementor-element-3de2f46\" data-id=\"3de2f46\" data-element_type=\"column\">\n\t\t\t<div class=\"elementor-widget-wrap elementor-element-populated\">\n\t\t\t\t\t\t\t\t<div class=\"elementor-element elementor-element-394afb6 elementor-widget elementor-widget-text-editor\" data-id=\"394afb6\" data-element_type=\"widget\" data-widget_type=\"text-editor.default\">\n\t\t\t\t<div class=\"elementor-widget-container\">\n\t\t\t\t\t\t\t<p>Mediterraneo: fonte di prosperit\u00e0, crocevia di culture, tradizioni e sapori; bussola storica, politica, economica, naturalistica e culturale; fonte di vita per tutte le comunit\u00e0 che vi si affacciano. E cuore delle Terre del patrimonio immateriale UNESCO della Dieta Mediterranea. \u201cSiamo tutti mediterranei\u201d. E per ricordare la nostra \u201cMediterraneit\u00e0\u201d e rinsaldare il nostro legame con il &#8220;Mare Nostrum&#8221;, abbiamo deciso di dare vita alla Festa del Mediterraneo: un evento unico e partecipato che coinvolger\u00e0 il Comune di Pollica, nelle frazioni di Pioppi e Acciaroli. Dal 7 al 9 Luglio 2023, in occasione della Giornata Internazionale del Mar Mediterraneo, istituita l\u20198 luglio 2014 per celebrare il patrimonio culturale e naturale di questo straordinario ecosistema e aumentare la consapevolezza sul suo stato di salute e sui pericoli che lo minacciano, si terr\u00e0 una maratona di eventi all\u2019insegna del \u201cVivere Mediterraneo\u201d.<\/p>\t\t\t\t\t\t<\/div>\n\t\t\t\t<\/div>\n\t\t\t\t\t<\/div>\n\t\t<\/div>\n\t\t\t\t\t\t\t<\/div>\n\t\t<\/section>\n\t\t\t\t<section class=\"elementor-section elementor-top-section elementor-element elementor-element-abe6a2f elementor-reverse-mobile elementor-section-boxed elementor-section-height-default elementor-section-height-default\" data-id=\"abe6a2f\" data-element_type=\"section\">\n\t\t\t\t\t\t<div class=\"elementor-container elementor-column-gap-extended\">\n\t\t\t\t\t<div class=\"elementor-column elementor-col-50 elementor-top-column elementor-element elementor-element-102b5ed\" data-id=\"102b5ed\" data-element_type=\"column\">\n\t\t\t<div class=\"elementor-widget-wrap elementor-element-populated\">\n\t\t\t\t\t\t\t\t<div class=\"elementor-element elementor-element-bf48280 elementor-widget elementor-widget-heading\" data-id=\"bf48280\" data-element_type=\"widget\" data-widget_type=\"heading.default\">\n\t\t\t\t<div class=\"elementor-widget-container\">\n\t\t\t<h2 class=\"elementor-heading-title elementor-size-default\"><i>7-8-9 Luglio<\/i><\/h2>\t\t<\/div>\n\t\t\t\t<\/div>\n\t\t\t\t<div class=\"elementor-element elementor-element-0270c15 elementor-widget elementor-widget-heading\" data-id=\"0270c15\" data-element_type=\"widget\" data-widget_type=\"heading.default\">\n\t\t\t\t<div class=\"elementor-widget-container\">\n\t\t\t<h3 class=\"elementor-heading-title elementor-size-default\"><font color=\"#24486b\"><i>Marina di Acciaroli (Pollica, SA)<\/i><\/font><\/h3>\t\t<\/div>\n\t\t\t\t<\/div>\n\t\t\t\t<div class=\"elementor-element elementor-element-bf3bc55 elementor-button-info elementor-align-right elementor-widget elementor-widget-button\" data-id=\"bf3bc55\" data-element_type=\"widget\" data-widget_type=\"button.default\">\n\t\t\t\t<div class=\"elementor-widget-container\">\n\t\t\t\t\t<div class=\"elementor-button-wrapper\">\n\t\t\t<a href=\"https:\/\/fb.me\/e\/CqfZlgm0\" class=\"elementor-button-link elementor-button elementor-size-sm\" role=\"button\">\n\t\t\t\t\t\t<span class=\"elementor-button-content-wrapper\">\n\t\t\t\t\t\t<span class=\"elementor-button-text\">Vai all'evento<\/span>\n\t\t<\/span>\n\t\t\t\t\t<\/a>\n\t\t<\/div>\n\t\t\t\t<\/div>\n\t\t\t\t<\/div>\n\t\t\t\t\t<\/div>\n\t\t<\/div>\n\t\t\t\t<div class=\"elementor-column elementor-col-50 elementor-top-column elementor-element elementor-element-5926b5c\" data-id=\"5926b5c\" data-element_type=\"column\">\n\t\t\t<div class=\"elementor-widget-wrap elementor-element-populated\">\n\t\t\t\t\t\t\t\t<div class=\"elementor-element elementor-element-707e265 elementor-widget elementor-widget-heading\" data-id=\"707e265\" data-element_type=\"widget\" data-widget_type=\"heading.default\">\n\t\t\t\t<div class=\"elementor-widget-container\">\n\t\t\t<h2 class=\"elementor-heading-title elementor-size-default\">Villaggio di Campagna Amica e Piazza del Vino<\/h2>\t\t<\/div>\n\t\t\t\t<\/div>\n\t\t\t\t<div class=\"elementor-element elementor-element-a245f51 elementor-widget elementor-widget-heading\" data-id=\"a245f51\" data-element_type=\"widget\" data-widget_type=\"heading.default\">\n\t\t\t\t<div class=\"elementor-widget-container\">\n\t\t\t<h2 class=\"elementor-heading-title elementor-size-default\">Agricoltori, pescatori, cuochi contadini di Coldiretti protagonisti del mercato<\/h2>\t\t<\/div>\n\t\t\t\t<\/div>\n\t\t\t\t\t<\/div>\n\t\t<\/div>\n\t\t\t\t\t\t\t<\/div>\n\t\t<\/section>\n\t\t\t\t<section class=\"elementor-section elementor-top-section elementor-element elementor-element-aaa3a36 elementor-section-boxed elementor-section-height-default elementor-section-height-default\" data-id=\"aaa3a36\" data-element_type=\"section\">\n\t\t\t\t\t\t<div class=\"elementor-container elementor-column-gap-extended\">\n\t\t\t\t\t<div class=\"elementor-column elementor-col-100 elementor-top-column elementor-element elementor-element-356fea4\" data-id=\"356fea4\" data-element_type=\"column\">\n\t\t\t<div class=\"elementor-widget-wrap elementor-element-populated\">\n\t\t\t\t\t\t\t\t<div class=\"elementor-element elementor-element-6aa551e elementor-widget elementor-widget-image-carousel\" data-id=\"6aa551e\" data-element_type=\"widget\" data-settings=\"{&quot;slides_to_show&quot;:&quot;2&quot;,&quot;navigation&quot;:&quot;none&quot;,&quot;autoplay_speed&quot;:4000,&quot;speed&quot;:700,&quot;image_spacing_custom&quot;:{&quot;unit&quot;:&quot;px&quot;,&quot;size&quot;:0,&quot;sizes&quot;:[]},&quot;autoplay&quot;:&quot;yes&quot;,&quot;pause_on_hover&quot;:&quot;yes&quot;,&quot;pause_on_interaction&quot;:&quot;yes&quot;,&quot;infinite&quot;:&quot;yes&quot;,&quot;image_spacing_custom_tablet&quot;:{&quot;unit&quot;:&quot;px&quot;,&quot;size&quot;:&quot;&quot;,&quot;sizes&quot;:[]},&quot;image_spacing_custom_mobile&quot;:{&quot;unit&quot;:&quot;px&quot;,&quot;size&quot;:&quot;&quot;,&quot;sizes&quot;:[]}}\" data-widget_type=\"image-carousel.default\">\n\t\t\t\t<div class=\"elementor-widget-container\">\n\t\t\t<style>\/*! elementor - v3.13.3 - 28-05-2023 *\/\n.elementor-widget-image-carousel .swiper,.elementor-widget-image-carousel .swiper-container{position:static}.elementor-widget-image-carousel .swiper-container .swiper-slide figure,.elementor-widget-image-carousel .swiper .swiper-slide figure{line-height:inherit}.elementor-widget-image-carousel .swiper-slide{text-align:center}.elementor-image-carousel-wrapper:not(.swiper-container-initialized):not(.swiper-initialized) .swiper-slide{max-width:calc(100% \/ var(--e-image-carousel-slides-to-show, 3))}<\/style>\t\t<div class=\"elementor-image-carousel-wrapper swiper\" dir=\"ltr\">\n\t\t\t<div class=\"elementor-image-carousel swiper-wrapper\">\n\t\t\t\t\t\t\t\t<div class=\"swiper-slide\"><figure class=\"swiper-slide-inner\"><img decoding=\"async\" class=\"swiper-slide-image\" src=\"https:\/\/festadelmediterraneo.org\/wp-content\/uploads\/2023\/07\/WhatsApp-Image-2023-07-01-at-16.14.43-768x576.jpeg\" alt=\"WhatsApp Image 2023-07-01 at 16.14.43\" \/><\/figure><\/div><div class=\"swiper-slide\"><figure class=\"swiper-slide-inner\"><img decoding=\"async\" class=\"swiper-slide-image\" src=\"https:\/\/festadelmediterraneo.org\/wp-content\/uploads\/2023\/07\/WhatsApp-Image-2023-07-01-at-16.14.32-768x576.jpeg\" alt=\"WhatsApp Image 2023-07-01 at 16.14.32\" \/><\/figure><\/div><div class=\"swiper-slide\"><figure class=\"swiper-slide-inner\"><img decoding=\"async\" class=\"swiper-slide-image\" src=\"https:\/\/festadelmediterraneo.org\/wp-content\/uploads\/2023\/07\/WhatsApp-Image-2023-07-01-at-16.14.26-768x576.jpeg\" alt=\"WhatsApp Image 2023-07-01 at 16.14.26\" \/><\/figure><\/div>\t\t\t<\/div>\n\t\t\t\t\t\t\t\t\t\t\t\t\t\t\t\t<\/div>\n\t\t\t\t<\/div>\n\t\t\t\t<\/div>\n\t\t\t\t\t<\/div>\n\t\t<\/div>\n\t\t\t\t\t\t\t<\/div>\n\t\t<\/section>\n\t\t\t\t<section class=\"elementor-section elementor-top-section elementor-element elementor-element-0c39148 elementor-section-boxed elementor-section-height-default elementor-section-height-default\" data-id=\"0c39148\" data-element_type=\"section\">\n\t\t\t\t\t\t<div class=\"elementor-container elementor-column-gap-default\">\n\t\t\t\t\t<div class=\"elementor-column elementor-col-100 elementor-top-column elementor-element elementor-element-092a7c9\" data-id=\"092a7c9\" data-element_type=\"column\">\n\t\t\t<div class=\"elementor-widget-wrap elementor-element-populated\">\n\t\t\t\t\t\t\t\t<div class=\"elementor-element elementor-element-aa2e995 elementor-widget elementor-widget-spacer\" data-id=\"aa2e995\" data-element_type=\"widget\" data-widget_type=\"spacer.default\">\n\t\t\t\t<div class=\"elementor-widget-container\">\n\t\t\t\t\t<div class=\"elementor-spacer\">\n\t\t\t<div class=\"elementor-spacer-inner\"><\/div>\n\t\t<\/div>\n\t\t\t\t<\/div>\n\t\t\t\t<\/div>\n\t\t\t\t\t<\/div>\n\t\t<\/div>\n\t\t\t\t\t\t\t<\/div>\n\t\t<\/section>\n\t\t\t\t<section class=\"elementor-section elementor-top-section elementor-element elementor-element-fbe09f0 elementor-section-boxed elementor-section-height-default elementor-section-height-default\" data-id=\"fbe09f0\" data-element_type=\"section\">\n\t\t\t\t\t\t<div class=\"elementor-container elementor-column-gap-extended\">\n\t\t\t\t\t<div class=\"elementor-column elementor-col-50 elementor-top-column elementor-element elementor-element-77508a8\" data-id=\"77508a8\" data-element_type=\"column\">\n\t\t\t<div class=\"elementor-widget-wrap elementor-element-populated\">\n\t\t\t\t\t\t\t\t<div class=\"elementor-element elementor-element-c119350 elementor-widget elementor-widget-heading\" data-id=\"c119350\" data-element_type=\"widget\" data-widget_type=\"heading.default\">\n\t\t\t\t<div class=\"elementor-widget-container\">\n\t\t\t<h2 class=\"elementor-heading-title elementor-size-default\"><i>7 luglio ore 19,00<\/i><\/h2>\t\t<\/div>\n\t\t\t\t<\/div>\n\t\t\t\t<div class=\"elementor-element elementor-element-3ebf08d elementor-widget elementor-widget-heading\" data-id=\"3ebf08d\" data-element_type=\"widget\" data-widget_type=\"heading.default\">\n\t\t\t\t<div class=\"elementor-widget-container\">\n\t\t\t<h3 class=\"elementor-heading-title elementor-size-default\"><span style=\"color: rgb(36, 72, 107); font-style: italic;\">Info Point Marina di Acciaroli (Pollica, SA)<\/span><\/h3>\t\t<\/div>\n\t\t\t\t<\/div>\n\t\t\t\t<div class=\"elementor-element elementor-element-57a2d28 elementor-button-info elementor-align-right elementor-widget elementor-widget-button\" data-id=\"57a2d28\" data-element_type=\"widget\" data-widget_type=\"button.default\">\n\t\t\t\t<div class=\"elementor-widget-container\">\n\t\t\t\t\t<div class=\"elementor-button-wrapper\">\n\t\t\t<a href=\"https:\/\/fb.me\/e\/NdFAUgvc\" class=\"elementor-button-link elementor-button elementor-size-sm\" role=\"button\">\n\t\t\t\t\t\t<span class=\"elementor-button-content-wrapper\">\n\t\t\t\t\t\t<span class=\"elementor-button-text\">Vai all'evento<\/span>\n\t\t<\/span>\n\t\t\t\t\t<\/a>\n\t\t<\/div>\n\t\t\t\t<\/div>\n\t\t\t\t<\/div>\n\t\t\t\t\t<\/div>\n\t\t<\/div>\n\t\t\t\t<div class=\"elementor-column elementor-col-50 elementor-top-column elementor-element elementor-element-959a23b\" data-id=\"959a23b\" data-element_type=\"column\">\n\t\t\t<div class=\"elementor-widget-wrap elementor-element-populated\">\n\t\t\t\t\t\t\t\t<div class=\"elementor-element elementor-element-052dca3 elementor-widget elementor-widget-heading\" data-id=\"052dca3\" data-element_type=\"widget\" data-widget_type=\"heading.default\">\n\t\t\t\t<div class=\"elementor-widget-container\">\n\t\t\t<h2 class=\"elementor-heading-title elementor-size-default\"><span class=\"WdYUQQ text-decoration-none text-strikethrough-none\" style=\"color: rgb(36, 72, 107);\">IX Edizione Porto d'Arte Contemporanea<\/span><\/h2>\t\t<\/div>\n\t\t\t\t<\/div>\n\t\t\t\t<div class=\"elementor-element elementor-element-afaf2a6 elementor-widget elementor-widget-heading\" data-id=\"afaf2a6\" data-element_type=\"widget\" data-widget_type=\"heading.default\">\n\t\t\t\t<div class=\"elementor-widget-container\">\n\t\t\t<h2 class=\"elementor-heading-title elementor-size-default\"><span class=\"WdYUQQ text-decoration-none text-strikethrough-none\" style=\"color: rgb(36, 72, 107); font-weight: 400;\">Inaugurazione con Clara Garesio e Giuseppe Pirozzi<\/span><\/h2>\t\t<\/div>\n\t\t\t\t<\/div>\n\t\t\t\t\t<\/div>\n\t\t<\/div>\n\t\t\t\t\t\t\t<\/div>\n\t\t<\/section>\n\t\t\t\t<section class=\"elementor-section elementor-top-section elementor-element elementor-element-03c3e82 elementor-section-boxed elementor-section-height-default elementor-section-height-default\" data-id=\"03c3e82\" data-element_type=\"section\">\n\t\t\t\t\t\t<div class=\"elementor-container elementor-column-gap-extended\">\n\t\t\t\t\t<div class=\"elementor-column elementor-col-25 elementor-top-column elementor-element elementor-element-765aa4c\" data-id=\"765aa4c\" data-element_type=\"column\">\n\t\t\t<div class=\"elementor-widget-wrap elementor-element-populated\">\n\t\t\t\t\t\t\t\t<div class=\"elementor-element elementor-element-b5fd3cd elementor-widget elementor-widget-image\" data-id=\"b5fd3cd\" data-element_type=\"widget\" data-widget_type=\"image.default\">\n\t\t\t\t<div class=\"elementor-widget-container\">\n\t\t\t\t\t\t\t\t\t\t\t\t\t\t\t<img loading=\"lazy\" decoding=\"async\" width=\"1024\" height=\"1024\" src=\"https:\/\/festadelmediterraneo.org\/wp-content\/uploads\/2023\/06\/POST-IG-TUTTI-11-1024x1024.png\" class=\"attachment-large size-large wp-image-360\" alt=\"\" srcset=\"https:\/\/festadelmediterraneo.org\/wp-content\/uploads\/2023\/06\/POST-IG-TUTTI-11-1024x1024.png 1024w, https:\/\/festadelmediterraneo.org\/wp-content\/uploads\/2023\/06\/POST-IG-TUTTI-11-300x300.png 300w, https:\/\/festadelmediterraneo.org\/wp-content\/uploads\/2023\/06\/POST-IG-TUTTI-11-150x150.png 150w, https:\/\/festadelmediterraneo.org\/wp-content\/uploads\/2023\/06\/POST-IG-TUTTI-11-768x768.png 768w, https:\/\/festadelmediterraneo.org\/wp-content\/uploads\/2023\/06\/POST-IG-TUTTI-11.png 1080w\" sizes=\"auto, (max-width: 1024px) 100vw, 1024px\" \/>\t\t\t\t\t\t\t\t\t\t\t\t\t\t\t<\/div>\n\t\t\t\t<\/div>\n\t\t\t\t\t<\/div>\n\t\t<\/div>\n\t\t\t\t<div class=\"elementor-column elementor-col-25 elementor-top-column elementor-element elementor-element-5f315fc\" data-id=\"5f315fc\" data-element_type=\"column\">\n\t\t\t<div class=\"elementor-widget-wrap elementor-element-populated\">\n\t\t\t\t\t\t\t\t<div class=\"elementor-element elementor-element-3116794 elementor-widget elementor-widget-image\" data-id=\"3116794\" data-element_type=\"widget\" data-widget_type=\"image.default\">\n\t\t\t\t<div class=\"elementor-widget-container\">\n\t\t\t\t\t\t\t\t\t\t\t\t\t\t\t<img loading=\"lazy\" decoding=\"async\" width=\"1024\" height=\"760\" src=\"https:\/\/festadelmediterraneo.org\/wp-content\/uploads\/2023\/06\/CUBI-1024x760.jpg\" class=\"attachment-large size-large wp-image-356\" alt=\"\" srcset=\"https:\/\/festadelmediterraneo.org\/wp-content\/uploads\/2023\/06\/CUBI-1024x760.jpg 1024w, https:\/\/festadelmediterraneo.org\/wp-content\/uploads\/2023\/06\/CUBI-300x223.jpg 300w, https:\/\/festadelmediterraneo.org\/wp-content\/uploads\/2023\/06\/CUBI-768x570.jpg 768w, https:\/\/festadelmediterraneo.org\/wp-content\/uploads\/2023\/06\/CUBI-1536x1140.jpg 1536w, https:\/\/festadelmediterraneo.org\/wp-content\/uploads\/2023\/06\/CUBI-2048x1520.jpg 2048w\" sizes=\"auto, (max-width: 1024px) 100vw, 1024px\" \/>\t\t\t\t\t\t\t\t\t\t\t\t\t\t\t<\/div>\n\t\t\t\t<\/div>\n\t\t\t\t\t<\/div>\n\t\t<\/div>\n\t\t\t\t<div class=\"elementor-column elementor-col-25 elementor-top-column elementor-element elementor-element-d6b0dd1\" data-id=\"d6b0dd1\" data-element_type=\"column\">\n\t\t\t<div class=\"elementor-widget-wrap elementor-element-populated\">\n\t\t\t\t\t\t\t\t<div class=\"elementor-element elementor-element-5be2449 elementor-widget elementor-widget-image\" data-id=\"5be2449\" data-element_type=\"widget\" data-widget_type=\"image.default\">\n\t\t\t\t<div class=\"elementor-widget-container\">\n\t\t\t\t\t\t\t\t\t\t\t\t\t\t\t<img loading=\"lazy\" decoding=\"async\" width=\"1024\" height=\"761\" src=\"https:\/\/festadelmediterraneo.org\/wp-content\/uploads\/2023\/06\/pedicini301352.jpg-Garesio-1024x761.jpg\" class=\"attachment-large size-large wp-image-358\" alt=\"\" srcset=\"https:\/\/festadelmediterraneo.org\/wp-content\/uploads\/2023\/06\/pedicini301352.jpg-Garesio-1024x761.jpg 1024w, https:\/\/festadelmediterraneo.org\/wp-content\/uploads\/2023\/06\/pedicini301352.jpg-Garesio-300x223.jpg 300w, https:\/\/festadelmediterraneo.org\/wp-content\/uploads\/2023\/06\/pedicini301352.jpg-Garesio-768x571.jpg 768w, https:\/\/festadelmediterraneo.org\/wp-content\/uploads\/2023\/06\/pedicini301352.jpg-Garesio-1536x1141.jpg 1536w, https:\/\/festadelmediterraneo.org\/wp-content\/uploads\/2023\/06\/pedicini301352.jpg-Garesio-2048x1522.jpg 2048w\" sizes=\"auto, (max-width: 1024px) 100vw, 1024px\" \/>\t\t\t\t\t\t\t\t\t\t\t\t\t\t\t<\/div>\n\t\t\t\t<\/div>\n\t\t\t\t\t<\/div>\n\t\t<\/div>\n\t\t\t\t<div class=\"elementor-column elementor-col-25 elementor-top-column elementor-element elementor-element-e85fa44\" data-id=\"e85fa44\" data-element_type=\"column\">\n\t\t\t<div class=\"elementor-widget-wrap elementor-element-populated\">\n\t\t\t\t\t\t\t\t<div class=\"elementor-element elementor-element-89701b1 elementor-widget elementor-widget-image\" data-id=\"89701b1\" data-element_type=\"widget\" data-widget_type=\"image.default\">\n\t\t\t\t<div class=\"elementor-widget-container\">\n\t\t\t\t\t\t\t\t\t\t\t\t\t\t\t<img loading=\"lazy\" decoding=\"async\" width=\"1024\" height=\"769\" src=\"https:\/\/festadelmediterraneo.org\/wp-content\/uploads\/2023\/06\/Progetto-senza-titolo-5-1024x769.jpg\" class=\"attachment-large size-large wp-image-359\" alt=\"\" srcset=\"https:\/\/festadelmediterraneo.org\/wp-content\/uploads\/2023\/06\/Progetto-senza-titolo-5-1024x769.jpg 1024w, https:\/\/festadelmediterraneo.org\/wp-content\/uploads\/2023\/06\/Progetto-senza-titolo-5-300x225.jpg 300w, https:\/\/festadelmediterraneo.org\/wp-content\/uploads\/2023\/06\/Progetto-senza-titolo-5-768x577.jpg 768w, https:\/\/festadelmediterraneo.org\/wp-content\/uploads\/2023\/06\/Progetto-senza-titolo-5.jpg 1424w\" sizes=\"auto, (max-width: 1024px) 100vw, 1024px\" \/>\t\t\t\t\t\t\t\t\t\t\t\t\t\t\t<\/div>\n\t\t\t\t<\/div>\n\t\t\t\t\t<\/div>\n\t\t<\/div>\n\t\t\t\t\t\t\t<\/div>\n\t\t<\/section>\n\t\t\t\t<section class=\"elementor-section elementor-top-section elementor-element elementor-element-e01bdb8 elementor-reverse-mobile elementor-section-boxed elementor-section-height-default elementor-section-height-default\" data-id=\"e01bdb8\" data-element_type=\"section\">\n\t\t\t\t\t\t<div class=\"elementor-container elementor-column-gap-extended\">\n\t\t\t\t\t<div class=\"elementor-column elementor-col-50 elementor-top-column elementor-element elementor-element-da9ed1f\" data-id=\"da9ed1f\" data-element_type=\"column\">\n\t\t\t<div class=\"elementor-widget-wrap elementor-element-populated\">\n\t\t\t\t\t\t\t\t<div class=\"elementor-element elementor-element-d7761fd elementor-widget elementor-widget-heading\" data-id=\"d7761fd\" data-element_type=\"widget\" data-widget_type=\"heading.default\">\n\t\t\t\t<div class=\"elementor-widget-container\">\n\t\t\t<h2 class=\"elementor-heading-title elementor-size-default\"><i>8 Luglio ore 10,00<\/i><\/h2>\t\t<\/div>\n\t\t\t\t<\/div>\n\t\t\t\t<div class=\"elementor-element elementor-element-52e65eb elementor-widget elementor-widget-heading\" data-id=\"52e65eb\" data-element_type=\"widget\" data-widget_type=\"heading.default\">\n\t\t\t\t<div class=\"elementor-widget-container\">\n\t\t\t<h3 class=\"elementor-heading-title elementor-size-default\"><font color=\"#24486b\"><i>Sala Ancel Keys - Pioppi<\/i><\/font><\/h3>\t\t<\/div>\n\t\t\t\t<\/div>\n\t\t\t\t<div class=\"elementor-element elementor-element-8d47060 elementor-widget elementor-widget-image\" data-id=\"8d47060\" data-element_type=\"widget\" data-widget_type=\"image.default\">\n\t\t\t\t<div class=\"elementor-widget-container\">\n\t\t\t\t\t\t\t\t\t\t\t\t\t\t\t<img loading=\"lazy\" decoding=\"async\" width=\"1024\" height=\"361\" src=\"https:\/\/festadelmediterraneo.org\/wp-content\/uploads\/2023\/06\/WhatsApp-Image-2023-06-27-at-10.51.50-1024x361.jpeg\" class=\"attachment-large size-large wp-image-371\" alt=\"\" srcset=\"https:\/\/festadelmediterraneo.org\/wp-content\/uploads\/2023\/06\/WhatsApp-Image-2023-06-27-at-10.51.50-1024x361.jpeg 1024w, https:\/\/festadelmediterraneo.org\/wp-content\/uploads\/2023\/06\/WhatsApp-Image-2023-06-27-at-10.51.50-300x106.jpeg 300w, https:\/\/festadelmediterraneo.org\/wp-content\/uploads\/2023\/06\/WhatsApp-Image-2023-06-27-at-10.51.50-768x270.jpeg 768w, https:\/\/festadelmediterraneo.org\/wp-content\/uploads\/2023\/06\/WhatsApp-Image-2023-06-27-at-10.51.50.jpeg 1292w\" sizes=\"auto, (max-width: 1024px) 100vw, 1024px\" \/>\t\t\t\t\t\t\t\t\t\t\t\t\t\t\t<\/div>\n\t\t\t\t<\/div>\n\t\t\t\t\t<\/div>\n\t\t<\/div>\n\t\t\t\t<div class=\"elementor-column elementor-col-50 elementor-top-column elementor-element elementor-element-db66f8b\" data-id=\"db66f8b\" data-element_type=\"column\">\n\t\t\t<div class=\"elementor-widget-wrap elementor-element-populated\">\n\t\t\t\t\t\t\t\t<div class=\"elementor-element elementor-element-7fe36de elementor-widget elementor-widget-heading\" data-id=\"7fe36de\" data-element_type=\"widget\" data-widget_type=\"heading.default\">\n\t\t\t\t<div class=\"elementor-widget-container\">\n\t\t\t<h2 class=\"elementor-heading-title elementor-size-default\">Oscar Green<\/h2>\t\t<\/div>\n\t\t\t\t<\/div>\n\t\t\t\t<div class=\"elementor-element elementor-element-74ff1da elementor-widget elementor-widget-heading\" data-id=\"74ff1da\" data-element_type=\"widget\" data-widget_type=\"heading.default\">\n\t\t\t\t<div class=\"elementor-widget-container\">\n\t\t\t<h2 class=\"elementor-heading-title elementor-size-default\">17\u00b0 edizione <\/h2>\t\t<\/div>\n\t\t\t\t<\/div>\n\t\t\t\t\t<\/div>\n\t\t<\/div>\n\t\t\t\t\t\t\t<\/div>\n\t\t<\/section>\n\t\t\t\t<section class=\"elementor-section elementor-top-section elementor-element elementor-element-84ea9af elementor-section-boxed elementor-section-height-default elementor-section-height-default\" data-id=\"84ea9af\" data-element_type=\"section\">\n\t\t\t\t\t\t<div class=\"elementor-container elementor-column-gap-extended\">\n\t\t\t\t\t<div class=\"elementor-column elementor-col-50 elementor-top-column elementor-element elementor-element-e6c3f43\" data-id=\"e6c3f43\" data-element_type=\"column\">\n\t\t\t<div class=\"elementor-widget-wrap elementor-element-populated\">\n\t\t\t\t\t\t\t\t<div class=\"elementor-element elementor-element-40876e4 elementor-widget elementor-widget-image\" data-id=\"40876e4\" data-element_type=\"widget\" data-widget_type=\"image.default\">\n\t\t\t\t<div class=\"elementor-widget-container\">\n\t\t\t\t\t\t\t\t\t\t\t\t\t\t\t<img loading=\"lazy\" decoding=\"async\" width=\"1023\" height=\"416\" src=\"https:\/\/festadelmediterraneo.org\/wp-content\/uploads\/2023\/07\/WhatsApp-Image-2023-07-01-at-16.09.45.jpeg\" class=\"attachment-large size-large wp-image-474\" alt=\"\" srcset=\"https:\/\/festadelmediterraneo.org\/wp-content\/uploads\/2023\/07\/WhatsApp-Image-2023-07-01-at-16.09.45.jpeg 1023w, https:\/\/festadelmediterraneo.org\/wp-content\/uploads\/2023\/07\/WhatsApp-Image-2023-07-01-at-16.09.45-300x122.jpeg 300w, https:\/\/festadelmediterraneo.org\/wp-content\/uploads\/2023\/07\/WhatsApp-Image-2023-07-01-at-16.09.45-768x312.jpeg 768w\" sizes=\"auto, (max-width: 1023px) 100vw, 1023px\" \/>\t\t\t\t\t\t\t\t\t\t\t\t\t\t\t<\/div>\n\t\t\t\t<\/div>\n\t\t\t\t<div class=\"elementor-element elementor-element-915e138 elementor-button-info elementor-align-right elementor-widget elementor-widget-button\" data-id=\"915e138\" data-element_type=\"widget\" data-widget_type=\"button.default\">\n\t\t\t\t<div class=\"elementor-widget-container\">\n\t\t\t\t\t<div class=\"elementor-button-wrapper\">\n\t\t\t<a href=\"https:\/\/fb.me\/e\/2Z2SGoqpv\" class=\"elementor-button-link elementor-button elementor-size-sm\" role=\"button\">\n\t\t\t\t\t\t<span class=\"elementor-button-content-wrapper\">\n\t\t\t\t\t\t<span class=\"elementor-button-text\">Vai all'evento<\/span>\n\t\t<\/span>\n\t\t\t\t\t<\/a>\n\t\t<\/div>\n\t\t\t\t<\/div>\n\t\t\t\t<\/div>\n\t\t\t\t\t<\/div>\n\t\t<\/div>\n\t\t\t\t<div class=\"elementor-column elementor-col-50 elementor-top-column elementor-element elementor-element-7bf973f\" data-id=\"7bf973f\" data-element_type=\"column\">\n\t\t\t<div class=\"elementor-widget-wrap elementor-element-populated\">\n\t\t\t\t\t\t\t\t<div class=\"elementor-element elementor-element-814480d elementor-widget__width-initial elementor-widget-mobile__width-initial elementor-widget elementor-widget-text-editor\" data-id=\"814480d\" data-element_type=\"widget\" data-widget_type=\"text-editor.default\">\n\t\t\t\t<div class=\"elementor-widget-container\">\n\t\t\t\t\t\t\t<p style=\"font-style: normal;\"><span style=\"font-size: 16.6667px; white-space-collapse: preserve; color: #1b1b1b; font-family: Calibri, sans-serif; background-color: var(--ast-global-color-5); font-style: inherit; font-weight: inherit; text-align: justify;\">Oscar Green \u00e8 il premio promosso da Coldiretti Giovani Impresa arrivato alla diciassettesima edizione, che punta a valorizzare il lavoro di tanti giovani che hanno scelto per il proprio futuro l&#8217;Agricoltura. L&#8217; obiettivo dell&#8217;iniziativa \u00e8 promuovere l&#8217;agricoltura sana del nostro Paese, che ha come testimonial le tante idee innovative dei giovani agricoltori.<\/span><\/p>\t\t\t\t\t\t<\/div>\n\t\t\t\t<\/div>\n\t\t\t\t\t<\/div>\n\t\t<\/div>\n\t\t\t\t\t\t\t<\/div>\n\t\t<\/section>\n\t\t\t\t<section class=\"elementor-section elementor-top-section elementor-element elementor-element-1c03607 elementor-section-boxed elementor-section-height-default elementor-section-height-default\" data-id=\"1c03607\" data-element_type=\"section\">\n\t\t\t\t\t\t<div class=\"elementor-container elementor-column-gap-extended\">\n\t\t\t\t\t<div class=\"elementor-column elementor-col-100 elementor-top-column elementor-element elementor-element-626f6d7\" data-id=\"626f6d7\" data-element_type=\"column\">\n\t\t\t<div class=\"elementor-widget-wrap\">\n\t\t\t\t\t\t\t\t\t<\/div>\n\t\t<\/div>\n\t\t\t\t\t\t\t<\/div>\n\t\t<\/section>\n\t\t\t\t<section class=\"elementor-section elementor-top-section elementor-element elementor-element-cd5dbf2 elementor-reverse-mobile elementor-section-boxed elementor-section-height-default elementor-section-height-default\" data-id=\"cd5dbf2\" data-element_type=\"section\">\n\t\t\t\t\t\t<div class=\"elementor-container elementor-column-gap-extended\">\n\t\t\t\t\t<div class=\"elementor-column elementor-col-50 elementor-top-column elementor-element elementor-element-2f6c8d2\" data-id=\"2f6c8d2\" data-element_type=\"column\">\n\t\t\t<div class=\"elementor-widget-wrap elementor-element-populated\">\n\t\t\t\t\t\t\t\t<div class=\"elementor-element elementor-element-708fcd2 elementor-widget elementor-widget-image\" data-id=\"708fcd2\" data-element_type=\"widget\" data-widget_type=\"image.default\">\n\t\t\t\t<div class=\"elementor-widget-container\">\n\t\t\t\t\t\t\t\t\t\t\t\t\t\t\t<img loading=\"lazy\" decoding=\"async\" width=\"900\" height=\"600\" src=\"https:\/\/festadelmediterraneo.org\/wp-content\/uploads\/2023\/06\/cena-convivio-4.png\" class=\"attachment-large size-large wp-image-377\" alt=\"\" srcset=\"https:\/\/festadelmediterraneo.org\/wp-content\/uploads\/2023\/06\/cena-convivio-4.png 900w, https:\/\/festadelmediterraneo.org\/wp-content\/uploads\/2023\/06\/cena-convivio-4-300x200.png 300w, https:\/\/festadelmediterraneo.org\/wp-content\/uploads\/2023\/06\/cena-convivio-4-768x512.png 768w\" sizes=\"auto, (max-width: 900px) 100vw, 900px\" \/>\t\t\t\t\t\t\t\t\t\t\t\t\t\t\t<\/div>\n\t\t\t\t<\/div>\n\t\t\t\t\t<\/div>\n\t\t<\/div>\n\t\t\t\t<div class=\"elementor-column elementor-col-50 elementor-top-column elementor-element elementor-element-5b5cf18\" data-id=\"5b5cf18\" data-element_type=\"column\">\n\t\t\t<div class=\"elementor-widget-wrap elementor-element-populated\">\n\t\t\t\t\t\t\t\t<div class=\"elementor-element elementor-element-a7f466c elementor-widget elementor-widget-heading\" data-id=\"a7f466c\" data-element_type=\"widget\" data-widget_type=\"heading.default\">\n\t\t\t\t<div class=\"elementor-widget-container\">\n\t\t\t<h2 class=\"elementor-heading-title elementor-size-default\">Roberto Colella\n<\/h2>\t\t<\/div>\n\t\t\t\t<\/div>\n\t\t\t\t<div class=\"elementor-element elementor-element-d066305 elementor-widget elementor-widget-heading\" data-id=\"d066305\" data-element_type=\"widget\" data-widget_type=\"heading.default\">\n\t\t\t\t<div class=\"elementor-widget-container\">\n\t\t\t<h2 class=\"elementor-heading-title elementor-size-default\"><i>Il Mediterraneo tra parole e musica<\/i><\/h2>\t\t<\/div>\n\t\t\t\t<\/div>\n\t\t\t\t<div class=\"elementor-element elementor-element-07e581d elementor-widget elementor-widget-heading\" data-id=\"07e581d\" data-element_type=\"widget\" data-widget_type=\"heading.default\">\n\t\t\t\t<div class=\"elementor-widget-container\">\n\t\t\t<h2 class=\"elementor-heading-title elementor-size-default\"><i>8 luglio ore 19,30<\/i><\/h2>\t\t<\/div>\n\t\t\t\t<\/div>\n\t\t\t\t<div class=\"elementor-element elementor-element-01c90c0 elementor-widget elementor-widget-heading\" data-id=\"01c90c0\" data-element_type=\"widget\" data-widget_type=\"heading.default\">\n\t\t\t\t<div class=\"elementor-widget-container\">\n\t\t\t<h3 class=\"elementor-heading-title elementor-size-default\"><i>Marina di Acciaroli (Pollica, SA)<\/i><\/h3>\t\t<\/div>\n\t\t\t\t<\/div>\n\t\t\t\t<div class=\"elementor-element elementor-element-fc459e5 elementor-button-info elementor-align-left elementor-widget elementor-widget-button\" data-id=\"fc459e5\" data-element_type=\"widget\" data-widget_type=\"button.default\">\n\t\t\t\t<div class=\"elementor-widget-container\">\n\t\t\t\t\t<div class=\"elementor-button-wrapper\">\n\t\t\t<a href=\"https:\/\/fb.me\/e\/12hvOaFlw\" class=\"elementor-button-link elementor-button elementor-size-sm\" role=\"button\">\n\t\t\t\t\t\t<span class=\"elementor-button-content-wrapper\">\n\t\t\t\t\t\t<span class=\"elementor-button-text\">Vai all'evento<\/span>\n\t\t<\/span>\n\t\t\t\t\t<\/a>\n\t\t<\/div>\n\t\t\t\t<\/div>\n\t\t\t\t<\/div>\n\t\t\t\t\t<\/div>\n\t\t<\/div>\n\t\t\t\t\t\t\t<\/div>\n\t\t<\/section>\n\t\t\t\t<section class=\"elementor-section elementor-top-section elementor-element elementor-element-453fc76 elementor-reverse-mobile elementor-section-boxed elementor-section-height-default elementor-section-height-default\" data-id=\"453fc76\" data-element_type=\"section\">\n\t\t\t\t\t\t<div class=\"elementor-container elementor-column-gap-extended\">\n\t\t\t\t\t<div class=\"elementor-column elementor-col-50 elementor-top-column elementor-element elementor-element-369c65b\" data-id=\"369c65b\" data-element_type=\"column\">\n\t\t\t<div class=\"elementor-widget-wrap elementor-element-populated\">\n\t\t\t\t\t\t\t\t<div class=\"elementor-element elementor-element-fb89151 elementor-widget elementor-widget-heading\" data-id=\"fb89151\" data-element_type=\"widget\" data-widget_type=\"heading.default\">\n\t\t\t\t<div class=\"elementor-widget-container\">\n\t\t\t<h2 class=\"elementor-heading-title elementor-size-default\"><span class=\"WdYUQQ text-decoration-none text-strikethrough-none\" style=\"color: rgb(36, 72, 107);\">\u201cConversazioni sul Futuro del Mediterraneo\u201d<\/span><\/h2>\t\t<\/div>\n\t\t\t\t<\/div>\n\t\t\t\t<div class=\"elementor-element elementor-element-56787b3 elementor-widget elementor-widget-heading\" data-id=\"56787b3\" data-element_type=\"widget\" data-widget_type=\"heading.default\">\n\t\t\t\t<div class=\"elementor-widget-container\">\n\t\t\t<h2 class=\"elementor-heading-title elementor-size-default\"><i>Feuromed Summer<\/i><\/h2>\t\t<\/div>\n\t\t\t\t<\/div>\n\t\t\t\t<div class=\"elementor-element elementor-element-93d0667 elementor-widget elementor-widget-heading\" data-id=\"93d0667\" data-element_type=\"widget\" data-widget_type=\"heading.default\">\n\t\t\t\t<div class=\"elementor-widget-container\">\n\t\t\t<h2 class=\"elementor-heading-title elementor-size-default\"><i>8 luglio ore 21,30<\/i><\/h2>\t\t<\/div>\n\t\t\t\t<\/div>\n\t\t\t\t<div class=\"elementor-element elementor-element-fd3a2e7 elementor-widget elementor-widget-heading\" data-id=\"fd3a2e7\" data-element_type=\"widget\" data-widget_type=\"heading.default\">\n\t\t\t\t<div class=\"elementor-widget-container\">\n\t\t\t<h3 class=\"elementor-heading-title elementor-size-default\"><i>Marina di Acciaroli (Pollica, SA)<\/i><\/h3>\t\t<\/div>\n\t\t\t\t<\/div>\n\t\t\t\t<div class=\"elementor-element elementor-element-3eea8d6 elementor-button-info elementor-align-right elementor-widget elementor-widget-button\" data-id=\"3eea8d6\" data-element_type=\"widget\" data-widget_type=\"button.default\">\n\t\t\t\t<div class=\"elementor-widget-container\">\n\t\t\t\t\t<div class=\"elementor-button-wrapper\">\n\t\t\t<a href=\"https:\/\/fb.me\/e\/1azafJHuP\" class=\"elementor-button-link elementor-button elementor-size-sm\" role=\"button\">\n\t\t\t\t\t\t<span class=\"elementor-button-content-wrapper\">\n\t\t\t\t\t\t<span class=\"elementor-button-text\">Vai all'evento<\/span>\n\t\t<\/span>\n\t\t\t\t\t<\/a>\n\t\t<\/div>\n\t\t\t\t<\/div>\n\t\t\t\t<\/div>\n\t\t\t\t<div class=\"elementor-element elementor-element-39d1d24 elementor-widget elementor-widget-image\" data-id=\"39d1d24\" data-element_type=\"widget\" data-widget_type=\"image.default\">\n\t\t\t\t<div class=\"elementor-widget-container\">\n\t\t\t\t\t\t\t\t\t\t\t\t\t\t\t<img loading=\"lazy\" decoding=\"async\" width=\"300\" height=\"175\" src=\"https:\/\/festadelmediterraneo.org\/wp-content\/uploads\/2023\/07\/2-e1688360743100-300x175.png\" class=\"attachment-medium size-medium wp-image-476\" alt=\"\" srcset=\"https:\/\/festadelmediterraneo.org\/wp-content\/uploads\/2023\/07\/2-e1688360743100-300x175.png 300w, https:\/\/festadelmediterraneo.org\/wp-content\/uploads\/2023\/07\/2-e1688360743100.png 498w\" sizes=\"auto, (max-width: 300px) 100vw, 300px\" \/>\t\t\t\t\t\t\t\t\t\t\t\t\t\t\t<\/div>\n\t\t\t\t<\/div>\n\t\t\t\t\t<\/div>\n\t\t<\/div>\n\t\t\t\t<div class=\"elementor-column elementor-col-50 elementor-top-column elementor-element elementor-element-76c9643\" data-id=\"76c9643\" data-element_type=\"column\">\n\t\t\t<div class=\"elementor-widget-wrap elementor-element-populated\">\n\t\t\t\t\t\t\t\t<div class=\"elementor-element elementor-element-8dd3f32 elementor-widget elementor-widget-text-editor\" data-id=\"8dd3f32\" data-element_type=\"widget\" data-widget_type=\"text-editor.default\">\n\t\t\t\t<div class=\"elementor-widget-container\">\n\t\t\t\t\t\t\t<p><span style=\"font-size: 12.499999999999998pt; font-family: Calibri,sans-serif; color: #1b1b1b; background-color: transparent; font-weight: 400; font-style: normal; font-variant: normal; text-decoration: none; vertical-align: baseline; white-space: pre-wrap;\">Promosso dal Quotidiano del Sud-l&#8217;AltraVoce dell&#8217;Italia in collaborazione con la Rappresentanza in Italia della Commissione europea e del Parlamento europeo. La prima edizione di Feuromed si \u00e8 svolta a Napoli dal 17 al 18 marzo ha mandato in scena un processo di verit\u00e0 che ha restituito al Mezzogiorno orgoglio, capacit\u00e0 ideativa e organizzazione. Dal dibattito e dagli interventi del Festival \u00e8 nata la Carta di Napoli: un documento che vuole essere il punto di riferimento nel mondo capovolto dei 4 Mediterranei. <\/span><span style=\"background-color: transparent; color: #1b1b1b; font-family: Calibri, sans-serif; font-size: 12.5pt; white-space-collapse: preserve;\">Intervengono:<\/span><\/p>\n<ul>\n<li dir=\"ltr\" style=\"line-height: 1.38; text-align: justify; background-color: #ffffff;\"><span style=\"font-size: 12.499999999999998pt; font-family: Calibri,sans-serif; color: #1b1b1b; background-color: transparent; font-weight: 400; font-style: normal; font-variant: normal; text-decoration: none; vertical-align: baseline; white-space: pre-wrap;\">Roberto Napoletano, Direttore del Quotidiano del Sud<\/span><\/li>\n<li dir=\"ltr\" style=\"line-height: 1.38; text-align: justify; background-color: #ffffff;\"><span style=\"font-size: 12.499999999999998pt; font-family: Calibri,sans-serif; color: #1b1b1b; background-color: transparent; font-weight: 400; font-style: normal; font-variant: normal; text-decoration: none; vertical-align: baseline; white-space: pre-wrap;\">Stefano Pisani, Sindaco del Comune di Pollica&nbsp;<\/span><\/li>\n<li dir=\"ltr\" style=\"line-height: 1.38; text-align: justify; background-color: #ffffff;\"><span style=\"font-size: 12.499999999999998pt; font-family: Calibri,sans-serif; color: #1b1b1b; background-color: transparent; font-weight: 400; font-style: normal; font-variant: normal; text-decoration: none; vertical-align: baseline; white-space: pre-wrap;\">Antonio Parenti, Capo della Rappresentanza della Commissione Europea in Italia<\/span><\/li>\n<li dir=\"ltr\" style=\"line-height: 1.38; text-align: justify; background-color: #ffffff;\"><span style=\"font-size: 12.499999999999998pt; font-family: Calibri,sans-serif; color: #1b1b1b; background-color: transparent; font-weight: 400; font-style: normal; font-variant: normal; text-decoration: none; vertical-align: baseline; white-space: pre-wrap;\">Patrizio Bianchi, gi\u00e0 Ministro dell&#8217;Istruzione e titolare della Cattedra UNESCO &#8220;Education, Growth and Equality&#8221; dell&#8217;Universit\u00e0 di Ferrara<\/span><\/li>\n<li dir=\"ltr\" style=\"line-height: 1.38; text-align: justify; background-color: #ffffff;\"><span style=\"font-size: 12.499999999999998pt; font-family: Calibri,sans-serif; color: #1b1b1b; background-color: transparent; font-weight: 400; font-style: normal; font-variant: normal; text-decoration: none; vertical-align: baseline; white-space: pre-wrap;\">Michele Marchi, Prof. Dipartimento di Beni Culturali presso l\u2019Universit\u00e0 di Bologna<\/span><\/li>\n<li dir=\"ltr\" style=\"line-height: 1.38; text-align: justify; background-color: #ffffff;\"><span style=\"font-size: 12.499999999999998pt; font-family: Calibri,sans-serif; color: #1b1b1b; background-color: transparent; font-weight: 400; font-style: normal; font-variant: normal; text-decoration: none; vertical-align: baseline; white-space: pre-wrap;\">Davide Tabarelli, Presidente di NE (Nomisma Energia), Prof.&nbsp; Dipartimento di Ingegneria presso l\u2019Universit\u00e0 di Bologna<\/span><\/li>\n<li dir=\"ltr\" style=\"line-height: 1.38; text-align: justify; background-color: #ffffff;\"><span style=\"font-size: 12.499999999999998pt; font-family: Calibri,sans-serif; color: #1b1b1b; background-color: transparent; font-weight: 400; font-style: normal; font-variant: normal; text-decoration: none; vertical-align: baseline; white-space: pre-wrap;\">Sara Roversi, Presidente del Future Food Institute<\/span><\/li>\n<\/ul>\t\t\t\t\t\t<\/div>\n\t\t\t\t<\/div>\n\t\t\t\t\t<\/div>\n\t\t<\/div>\n\t\t\t\t\t\t\t<\/div>\n\t\t<\/section>\n\t\t\t\t<section class=\"elementor-section elementor-top-section elementor-element elementor-element-4db74d7 elementor-reverse-mobile elementor-hidden-desktop elementor-hidden-tablet elementor-hidden-mobile elementor-section-boxed elementor-section-height-default elementor-section-height-default\" data-id=\"4db74d7\" data-element_type=\"section\">\n\t\t\t\t\t\t<div class=\"elementor-container elementor-column-gap-extended\">\n\t\t\t\t\t<div class=\"elementor-column elementor-col-50 elementor-top-column elementor-element elementor-element-9418a17\" data-id=\"9418a17\" data-element_type=\"column\">\n\t\t\t<div class=\"elementor-widget-wrap elementor-element-populated\">\n\t\t\t\t\t\t\t\t<div class=\"elementor-element elementor-element-cf329bd elementor-widget__width-initial elementor-widget elementor-widget-heading\" data-id=\"cf329bd\" data-element_type=\"widget\" data-widget_type=\"heading.default\">\n\t\t\t\t<div class=\"elementor-widget-container\">\n\t\t\t<h3 class=\"elementor-heading-title elementor-size-default\">Momento 1<\/h3>\t\t<\/div>\n\t\t\t\t<\/div>\n\t\t\t\t<div class=\"elementor-element elementor-element-edb7a32 elementor-widget__width-initial elementor-widget-mobile__width-initial elementor-widget elementor-widget-text-editor\" data-id=\"edb7a32\" data-element_type=\"widget\" data-widget_type=\"text-editor.default\">\n\t\t\t\t<div class=\"elementor-widget-container\">\n\t\t\t\t\t\t\t<p>Lorem ipsum dolor sit amet, consectetur adipiscing elit. Ut elit tellus, luctus nec ullamcorper mattis, pulvinar dapibus leo.<br \/><span style=\"background-color: var(--ast-global-color-5); color: var( --e-global-color-text ); font-style: inherit; font-weight: inherit;\">Lorem ipsum dolor sit amet, consectetur adipiscing elit. Ut elit tellus, luctus nec ullamcorper mattis, pulvinar dapibus leo.\u00a0<br \/><\/span><span style=\"font-style: inherit; font-weight: inherit; background-color: var(--ast-global-color-5); color: var( --e-global-color-text );\">Lorem ipsum dolor sit amet, consectetur adipiscing elit. Ut elit tellus, luctus nec ullamcorper mattis, pulvinar dapibus leo.<\/span><\/p>\t\t\t\t\t\t<\/div>\n\t\t\t\t<\/div>\n\t\t\t\t\t<\/div>\n\t\t<\/div>\n\t\t\t\t<div class=\"elementor-column elementor-col-50 elementor-top-column elementor-element elementor-element-af5ebfb\" data-id=\"af5ebfb\" data-element_type=\"column\">\n\t\t\t<div class=\"elementor-widget-wrap elementor-element-populated\">\n\t\t\t\t\t\t\t\t<div class=\"elementor-element elementor-element-9aa3717 elementor-widget elementor-widget-image\" data-id=\"9aa3717\" data-element_type=\"widget\" data-widget_type=\"image.default\">\n\t\t\t\t<div class=\"elementor-widget-container\">\n\t\t\t\t\t\t\t\t\t\t\t\t\t\t\t<img loading=\"lazy\" decoding=\"async\" width=\"1024\" height=\"683\" src=\"https:\/\/festadelmediterraneo.org\/wp-content\/uploads\/2023\/06\/IMG_4914-1024x683.jpg\" class=\"attachment-large size-large wp-image-16\" alt=\"\" srcset=\"https:\/\/festadelmediterraneo.org\/wp-content\/uploads\/2023\/06\/IMG_4914-1024x683.jpg 1024w, https:\/\/festadelmediterraneo.org\/wp-content\/uploads\/2023\/06\/IMG_4914-300x200.jpg 300w, https:\/\/festadelmediterraneo.org\/wp-content\/uploads\/2023\/06\/IMG_4914-768x512.jpg 768w, https:\/\/festadelmediterraneo.org\/wp-content\/uploads\/2023\/06\/IMG_4914-1536x1024.jpg 1536w, https:\/\/festadelmediterraneo.org\/wp-content\/uploads\/2023\/06\/IMG_4914-2048x1365.jpg 2048w\" sizes=\"auto, (max-width: 1024px) 100vw, 1024px\" \/>\t\t\t\t\t\t\t\t\t\t\t\t\t\t\t<\/div>\n\t\t\t\t<\/div>\n\t\t\t\t\t<\/div>\n\t\t<\/div>\n\t\t\t\t\t\t\t<\/div>\n\t\t<\/section>\n\t\t\t\t<section class=\"elementor-section elementor-top-section elementor-element elementor-element-b4bcd93 elementor-hidden-desktop elementor-hidden-tablet elementor-hidden-mobile elementor-section-boxed elementor-section-height-default elementor-section-height-default\" data-id=\"b4bcd93\" data-element_type=\"section\">\n\t\t\t\t\t\t<div class=\"elementor-container elementor-column-gap-extended\">\n\t\t\t\t\t<div class=\"elementor-column elementor-col-50 elementor-top-column elementor-element elementor-element-2b1756d\" data-id=\"2b1756d\" data-element_type=\"column\">\n\t\t\t<div class=\"elementor-widget-wrap elementor-element-populated\">\n\t\t\t\t\t\t\t\t<div class=\"elementor-element elementor-element-0d3328d elementor-widget elementor-widget-image\" data-id=\"0d3328d\" data-element_type=\"widget\" data-widget_type=\"image.default\">\n\t\t\t\t<div class=\"elementor-widget-container\">\n\t\t\t\t\t\t\t\t\t\t\t\t\t\t\t<img loading=\"lazy\" decoding=\"async\" width=\"1024\" height=\"683\" src=\"https:\/\/festadelmediterraneo.org\/wp-content\/uploads\/2023\/06\/IMG_4914-1024x683.jpg\" class=\"attachment-large size-large wp-image-16\" alt=\"\" srcset=\"https:\/\/festadelmediterraneo.org\/wp-content\/uploads\/2023\/06\/IMG_4914-1024x683.jpg 1024w, https:\/\/festadelmediterraneo.org\/wp-content\/uploads\/2023\/06\/IMG_4914-300x200.jpg 300w, https:\/\/festadelmediterraneo.org\/wp-content\/uploads\/2023\/06\/IMG_4914-768x512.jpg 768w, https:\/\/festadelmediterraneo.org\/wp-content\/uploads\/2023\/06\/IMG_4914-1536x1024.jpg 1536w, https:\/\/festadelmediterraneo.org\/wp-content\/uploads\/2023\/06\/IMG_4914-2048x1365.jpg 2048w\" sizes=\"auto, (max-width: 1024px) 100vw, 1024px\" \/>\t\t\t\t\t\t\t\t\t\t\t\t\t\t\t<\/div>\n\t\t\t\t<\/div>\n\t\t\t\t\t<\/div>\n\t\t<\/div>\n\t\t\t\t<div class=\"elementor-column elementor-col-50 elementor-top-column elementor-element elementor-element-0d55195\" data-id=\"0d55195\" data-element_type=\"column\">\n\t\t\t<div class=\"elementor-widget-wrap elementor-element-populated\">\n\t\t\t\t\t\t\t\t<div class=\"elementor-element elementor-element-42670fe elementor-widget elementor-widget-heading\" data-id=\"42670fe\" data-element_type=\"widget\" data-widget_type=\"heading.default\">\n\t\t\t\t<div class=\"elementor-widget-container\">\n\t\t\t<h3 class=\"elementor-heading-title elementor-size-default\">Momento 2<\/h3>\t\t<\/div>\n\t\t\t\t<\/div>\n\t\t\t\t<div class=\"elementor-element elementor-element-4dc483e elementor-widget__width-initial elementor-widget-mobile__width-initial elementor-widget elementor-widget-text-editor\" data-id=\"4dc483e\" data-element_type=\"widget\" data-widget_type=\"text-editor.default\">\n\t\t\t\t<div class=\"elementor-widget-container\">\n\t\t\t\t\t\t\t<p>Lorem ipsum dolor sit amet, consectetur adipiscing elit. Ut elit tellus, luctus nec ullamcorper mattis, pulvinar dapibus leo.<br \/><span style=\"background-color: var(--ast-global-color-5); color: var( --e-global-color-text ); font-style: inherit; font-weight: inherit;\">Lorem ipsum dolor sit amet, consectetur adipiscing elit. Ut elit tellus, luctus nec ullamcorper mattis, pulvinar dapibus leo.\u00a0<br \/><\/span><span style=\"font-style: inherit; font-weight: inherit; background-color: var(--ast-global-color-5); color: var( --e-global-color-text );\">Lorem ipsum dolor sit amet, consectetur adipiscing elit. Ut elit tellus, luctus nec ullamcorper mattis, pulvinar dapibus leo.<\/span><\/p>\t\t\t\t\t\t<\/div>\n\t\t\t\t<\/div>\n\t\t\t\t\t<\/div>\n\t\t<\/div>\n\t\t\t\t\t\t\t<\/div>\n\t\t<\/section>\n\t\t\t\t<section class=\"elementor-section elementor-top-section elementor-element elementor-element-f57eb2e elementor-section-boxed elementor-section-height-default elementor-section-height-default\" data-id=\"f57eb2e\" data-element_type=\"section\">\n\t\t\t\t\t\t<div class=\"elementor-container elementor-column-gap-extended\">\n\t\t\t\t\t<div class=\"elementor-column elementor-col-50 elementor-top-column elementor-element elementor-element-716318e\" data-id=\"716318e\" data-element_type=\"column\">\n\t\t\t<div class=\"elementor-widget-wrap elementor-element-populated\">\n\t\t\t\t\t\t\t\t<div class=\"elementor-element elementor-element-e1a03cc elementor-widget elementor-widget-heading\" data-id=\"e1a03cc\" data-element_type=\"widget\" data-widget_type=\"heading.default\">\n\t\t\t\t<div class=\"elementor-widget-container\">\n\t\t\t<h2 class=\"elementor-heading-title elementor-size-default\"><i>9 luglio<\/i><\/h2>\t\t<\/div>\n\t\t\t\t<\/div>\n\t\t\t\t<div class=\"elementor-element elementor-element-027f552 elementor-widget elementor-widget-heading\" data-id=\"027f552\" data-element_type=\"widget\" data-widget_type=\"heading.default\">\n\t\t\t\t<div class=\"elementor-widget-container\">\n\t\t\t<h3 class=\"elementor-heading-title elementor-size-default\"><font color=\"#24486b\"><i>Marina di Acciaroli (Pollica, SA) ore 20.00<\/i><\/font><\/h3>\t\t<\/div>\n\t\t\t\t<\/div>\n\t\t\t\t\t<\/div>\n\t\t<\/div>\n\t\t\t\t<div class=\"elementor-column elementor-col-50 elementor-top-column elementor-element elementor-element-559cdf6\" data-id=\"559cdf6\" data-element_type=\"column\">\n\t\t\t<div class=\"elementor-widget-wrap elementor-element-populated\">\n\t\t\t\t\t\t\t\t<div class=\"elementor-element elementor-element-c1ffef2 elementor-widget elementor-widget-heading\" data-id=\"c1ffef2\" data-element_type=\"widget\" data-widget_type=\"heading.default\">\n\t\t\t\t<div class=\"elementor-widget-container\">\n\t\t\t<h2 class=\"elementor-heading-title elementor-size-default\">Il Convivio dei Patrimoni italiani<\/h2>\t\t<\/div>\n\t\t\t\t<\/div>\n\t\t\t\t<div class=\"elementor-element elementor-element-9fd49e1 elementor-widget elementor-widget-heading\" data-id=\"9fd49e1\" data-element_type=\"widget\" data-widget_type=\"heading.default\">\n\t\t\t\t<div class=\"elementor-widget-container\">\n\t\t\t<h2 class=\"elementor-heading-title elementor-size-default\"><i>Insieme per la Romagna!<\/i><\/h2>\t\t<\/div>\n\t\t\t\t<\/div>\n\t\t\t\t\t<\/div>\n\t\t<\/div>\n\t\t\t\t\t\t\t<\/div>\n\t\t<\/section>\n\t\t\t\t<section class=\"elementor-section elementor-top-section elementor-element elementor-element-41c4b15 elementor-section-boxed elementor-section-height-default elementor-section-height-default\" data-id=\"41c4b15\" data-element_type=\"section\">\n\t\t\t\t\t\t<div class=\"elementor-container elementor-column-gap-extended\">\n\t\t\t\t\t<div class=\"elementor-column elementor-col-50 elementor-top-column elementor-element elementor-element-d231cd1\" data-id=\"d231cd1\" data-element_type=\"column\">\n\t\t\t<div class=\"elementor-widget-wrap elementor-element-populated\">\n\t\t\t\t\t\t\t\t<div class=\"elementor-element elementor-element-93d51e0 elementor-widget elementor-widget-image\" data-id=\"93d51e0\" data-element_type=\"widget\" data-widget_type=\"image.default\">\n\t\t\t\t<div class=\"elementor-widget-container\">\n\t\t\t\t\t\t\t\t\t\t\t\t\t\t\t<img loading=\"lazy\" decoding=\"async\" width=\"1024\" height=\"683\" src=\"https:\/\/festadelmediterraneo.org\/wp-content\/uploads\/2023\/06\/110-1024x683.png\" class=\"attachment-large size-large wp-image-370\" alt=\"\" srcset=\"https:\/\/festadelmediterraneo.org\/wp-content\/uploads\/2023\/06\/110-1024x683.png 1024w, https:\/\/festadelmediterraneo.org\/wp-content\/uploads\/2023\/06\/110-300x200.png 300w, https:\/\/festadelmediterraneo.org\/wp-content\/uploads\/2023\/06\/110-768x512.png 768w, https:\/\/festadelmediterraneo.org\/wp-content\/uploads\/2023\/06\/110.png 1050w\" sizes=\"auto, (max-width: 1024px) 100vw, 1024px\" \/>\t\t\t\t\t\t\t\t\t\t\t\t\t\t\t<\/div>\n\t\t\t\t<\/div>\n\t\t\t\t<div class=\"elementor-element elementor-element-60c3f82 gallery-spacing-custom elementor-widget elementor-widget-image-gallery\" data-id=\"60c3f82\" data-element_type=\"widget\" data-widget_type=\"image-gallery.default\">\n\t\t\t\t<div class=\"elementor-widget-container\">\n\t\t\t<style>\/*! elementor - v3.13.3 - 28-05-2023 *\/\n.elementor-image-gallery .gallery-item{display:inline-block;text-align:center;vertical-align:top;width:100%;max-width:100%;margin:0 auto}.elementor-image-gallery .gallery-item img{margin:0 auto}.elementor-image-gallery .gallery-item .gallery-caption{margin:0}.elementor-image-gallery figure img{display:block}.elementor-image-gallery figure figcaption{width:100%}.gallery-spacing-custom .elementor-image-gallery .gallery-icon{padding:0}@media (min-width:768px){.elementor-image-gallery .gallery-columns-2 .gallery-item{max-width:50%}.elementor-image-gallery .gallery-columns-3 .gallery-item{max-width:33.33%}.elementor-image-gallery .gallery-columns-4 .gallery-item{max-width:25%}.elementor-image-gallery .gallery-columns-5 .gallery-item{max-width:20%}.elementor-image-gallery .gallery-columns-6 .gallery-item{max-width:16.666%}.elementor-image-gallery .gallery-columns-7 .gallery-item{max-width:14.28%}.elementor-image-gallery .gallery-columns-8 .gallery-item{max-width:12.5%}.elementor-image-gallery .gallery-columns-9 .gallery-item{max-width:11.11%}.elementor-image-gallery .gallery-columns-10 .gallery-item{max-width:10%}}@media (min-width:480px) and (max-width:767px){.elementor-image-gallery .gallery.gallery-columns-2 .gallery-item,.elementor-image-gallery .gallery.gallery-columns-3 .gallery-item,.elementor-image-gallery .gallery.gallery-columns-4 .gallery-item,.elementor-image-gallery .gallery.gallery-columns-5 .gallery-item,.elementor-image-gallery .gallery.gallery-columns-6 .gallery-item,.elementor-image-gallery .gallery.gallery-columns-7 .gallery-item,.elementor-image-gallery .gallery.gallery-columns-8 .gallery-item,.elementor-image-gallery .gallery.gallery-columns-9 .gallery-item,.elementor-image-gallery .gallery.gallery-columns-10 .gallery-item{max-width:50%}}@media (max-width:479px){.elementor-image-gallery .gallery.gallery-columns-2 .gallery-item,.elementor-image-gallery .gallery.gallery-columns-3 .gallery-item,.elementor-image-gallery .gallery.gallery-columns-4 .gallery-item,.elementor-image-gallery .gallery.gallery-columns-5 .gallery-item,.elementor-image-gallery .gallery.gallery-columns-6 .gallery-item,.elementor-image-gallery .gallery.gallery-columns-7 .gallery-item,.elementor-image-gallery .gallery.gallery-columns-8 .gallery-item,.elementor-image-gallery .gallery.gallery-columns-9 .gallery-item,.elementor-image-gallery .gallery.gallery-columns-10 .gallery-item{max-width:100%}}<\/style>\t\t<div class=\"elementor-image-gallery\">\n\t\t\t<div id='gallery-1' class='gallery galleryid-2 gallery-columns-2 gallery-size-large'><figure class='gallery-item'>\n\t\t\t<div class='gallery-icon landscape'>\n\t\t\t\t<a data-elementor-open-lightbox=\"yes\" data-elementor-lightbox-slideshow=\"60c3f82\" data-elementor-lightbox-title=\"images\" data-e-action-hash=\"#elementor-action%3Aaction%3Dlightbox%26settings%3DeyJpZCI6Mzc5LCJ1cmwiOiJodHRwczpcL1wvZmVzdGFkZWxtZWRpdGVycmFuZW8ub3JnXC93cC1jb250ZW50XC91cGxvYWRzXC8yMDIzXC8wNlwvaW1hZ2VzLWUxNjg4MDQ1NzA2OTc3LmpwZWciLCJzbGlkZXNob3ciOiI2MGMzZjgyIn0%3D\" href='https:\/\/festadelmediterraneo.org\/wp-content\/uploads\/2023\/06\/images-e1688045706977.jpeg'><img loading=\"lazy\" decoding=\"async\" width=\"275\" height=\"151\" src=\"https:\/\/festadelmediterraneo.org\/wp-content\/uploads\/2023\/06\/images-e1688045706977.jpeg\" class=\"attachment-large size-large\" alt=\"\" \/><\/a>\n\t\t\t<\/div><\/figure><figure class='gallery-item'>\n\t\t\t<div class='gallery-icon landscape'>\n\t\t\t\t<a data-elementor-open-lightbox=\"yes\" data-elementor-lightbox-slideshow=\"60c3f82\" data-elementor-lightbox-title=\"Compagnia-Altro-Canto-Frazzano-Folk-Fest-2019-01-620x330\" data-e-action-hash=\"#elementor-action%3Aaction%3Dlightbox%26settings%3DeyJpZCI6Mzc4LCJ1cmwiOiJodHRwczpcL1wvZmVzdGFkZWxtZWRpdGVycmFuZW8ub3JnXC93cC1jb250ZW50XC91cGxvYWRzXC8yMDIzXC8wNlwvQ29tcGFnbmlhLUFsdHJvLUNhbnRvLUZyYXp6YW5vLUZvbGstRmVzdC0yMDE5LTAxLTYyMHgzMzAtMS5qcGciLCJzbGlkZXNob3ciOiI2MGMzZjgyIn0%3D\" href='https:\/\/festadelmediterraneo.org\/wp-content\/uploads\/2023\/06\/Compagnia-Altro-Canto-Frazzano-Folk-Fest-2019-01-620x330-1.jpg'><img loading=\"lazy\" decoding=\"async\" width=\"620\" height=\"330\" src=\"https:\/\/festadelmediterraneo.org\/wp-content\/uploads\/2023\/06\/Compagnia-Altro-Canto-Frazzano-Folk-Fest-2019-01-620x330-1.jpg\" class=\"attachment-large size-large\" alt=\"\" srcset=\"https:\/\/festadelmediterraneo.org\/wp-content\/uploads\/2023\/06\/Compagnia-Altro-Canto-Frazzano-Folk-Fest-2019-01-620x330-1.jpg 620w, https:\/\/festadelmediterraneo.org\/wp-content\/uploads\/2023\/06\/Compagnia-Altro-Canto-Frazzano-Folk-Fest-2019-01-620x330-1-300x160.jpg 300w\" sizes=\"auto, (max-width: 620px) 100vw, 620px\" \/><\/a>\n\t\t\t<\/div><\/figure>\n\t\t<\/div>\n\t\t<\/div>\n\t\t\t\t<\/div>\n\t\t\t\t<\/div>\n\t\t\t\t<div class=\"elementor-element elementor-element-41d573c elementor-button-info elementor-align-right elementor-widget elementor-widget-button\" data-id=\"41d573c\" data-element_type=\"widget\" data-widget_type=\"button.default\">\n\t\t\t\t<div class=\"elementor-widget-container\">\n\t\t\t\t\t<div class=\"elementor-button-wrapper\">\n\t\t\t<a href=\"https:\/\/fb.me\/e\/2Z2SGoqpv\" class=\"elementor-button-link elementor-button elementor-size-sm\" role=\"button\">\n\t\t\t\t\t\t<span class=\"elementor-button-content-wrapper\">\n\t\t\t\t\t\t<span class=\"elementor-button-text\">Vai all'evento<\/span>\n\t\t<\/span>\n\t\t\t\t\t<\/a>\n\t\t<\/div>\n\t\t\t\t<\/div>\n\t\t\t\t<\/div>\n\t\t\t\t\t<\/div>\n\t\t<\/div>\n\t\t\t\t<div class=\"elementor-column elementor-col-50 elementor-top-column elementor-element elementor-element-8d9dc39\" data-id=\"8d9dc39\" data-element_type=\"column\">\n\t\t\t<div class=\"elementor-widget-wrap elementor-element-populated\">\n\t\t\t\t\t\t\t\t<div class=\"elementor-element elementor-element-72a796d elementor-widget__width-initial elementor-widget-mobile__width-initial elementor-widget elementor-widget-text-editor\" data-id=\"72a796d\" data-element_type=\"widget\" data-widget_type=\"text-editor.default\">\n\t\t\t\t<div class=\"elementor-widget-container\">\n\t\t\t\t\t\t\t<p>Il Comune di Pollica, il Future Food Institute e Il Gusto, in occasione della Festa del Mediterraneo, vi invitano al pi\u00f9 grande convivio dei patrimoni italiani; una serata di raccolta fondi a sostegno della Romagna.<\/p><p>Lo stato in cui versa questa splendida e laboriosa terra \u00e8 estremamente grave e poco percepito. Migliaia di persone sono ancora senza casa, il comparto agricolo \u00e8 in ginocchio e le infrastrutture, seriamente compromesse, vanno ricostruite. Vogliamo far sentire la voce e il cuore del Mediterraneo, del Cilento e dei Patrimoni italiani con un grande convivio, la sera del 9 Luglio, alla Marina di Acciaroli.<\/p><p>Insieme, raccoglieremo i fondi necessari per ripristinare, in alcuni dei comuni colpiti dall&#8217;alluvione in Romagna, gli orti comunali e i giardini delle scuole; ci prenderemo cura della loro terra e della biodiversit\u00e0.<\/p><p>Stiamo ricevendo generose proposte di sostegno all&#8217;iniziativa; e stiamo organizzando squadre di volontari che si recheranno in Romagna per realizzare le opere necessarie.<\/p>\t\t\t\t\t\t<\/div>\n\t\t\t\t<\/div>\n\t\t\t\t<div class=\"elementor-element elementor-element-331a873 elementor-align-left elementor-mobile-align-center elementor-widget elementor-widget-button\" data-id=\"331a873\" data-element_type=\"widget\" data-widget_type=\"button.default\">\n\t\t\t\t<div class=\"elementor-widget-container\">\n\t\t\t\t\t<div class=\"elementor-button-wrapper\">\n\t\t\t<a href=\"https:\/\/jbampyf9ol1.typeform.com\/to\/fTeljoXl\" class=\"elementor-button-link elementor-button elementor-size-md\" role=\"button\">\n\t\t\t\t\t\t<span class=\"elementor-button-content-wrapper\">\n\t\t\t\t\t\t<span class=\"elementor-button-text\">PARTECIPA AL CONVIVIO!<\/span>\n\t\t<\/span>\n\t\t\t\t\t<\/a>\n\t\t<\/div>\n\t\t\t\t<\/div>\n\t\t\t\t<\/div>\n\t\t\t\t\t<\/div>\n\t\t<\/div>\n\t\t\t\t\t\t\t<\/div>\n\t\t<\/section>\n\t\t\t\t<section class=\"elementor-section elementor-top-section elementor-element elementor-element-d550875 elementor-section-boxed elementor-section-height-default elementor-section-height-default\" data-id=\"d550875\" data-element_type=\"section\">\n\t\t\t\t\t\t<div class=\"elementor-container elementor-column-gap-extended\">\n\t\t\t\t\t<div class=\"elementor-column elementor-col-50 elementor-top-column elementor-element elementor-element-35d2fae\" data-id=\"35d2fae\" data-element_type=\"column\">\n\t\t\t<div class=\"elementor-widget-wrap elementor-element-populated\">\n\t\t\t\t\t\t\t\t<div class=\"elementor-element elementor-element-bf1230b elementor-widget elementor-widget-image\" data-id=\"bf1230b\" data-element_type=\"widget\" data-widget_type=\"image.default\">\n\t\t\t\t<div class=\"elementor-widget-container\">\n\t\t\t\t\t\t\t\t\t\t\t\t\t\t\t<img loading=\"lazy\" decoding=\"async\" width=\"1024\" height=\"339\" src=\"https:\/\/festadelmediterraneo.org\/wp-content\/uploads\/2023\/07\/Schermata-2023-06-27-alle-13.37.56-1024x339.png\" class=\"attachment-large size-large wp-image-483\" alt=\"\" srcset=\"https:\/\/festadelmediterraneo.org\/wp-content\/uploads\/2023\/07\/Schermata-2023-06-27-alle-13.37.56-1024x339.png 1024w, https:\/\/festadelmediterraneo.org\/wp-content\/uploads\/2023\/07\/Schermata-2023-06-27-alle-13.37.56-300x99.png 300w, https:\/\/festadelmediterraneo.org\/wp-content\/uploads\/2023\/07\/Schermata-2023-06-27-alle-13.37.56-768x254.png 768w, https:\/\/festadelmediterraneo.org\/wp-content\/uploads\/2023\/07\/Schermata-2023-06-27-alle-13.37.56.png 1136w\" sizes=\"auto, (max-width: 1024px) 100vw, 1024px\" \/>\t\t\t\t\t\t\t\t\t\t\t\t\t\t\t<\/div>\n\t\t\t\t<\/div>\n\t\t\t\t<div class=\"elementor-element elementor-element-d3d71ab elementor-button-info elementor-align-right elementor-widget elementor-widget-button\" data-id=\"d3d71ab\" data-element_type=\"widget\" data-widget_type=\"button.default\">\n\t\t\t\t<div class=\"elementor-widget-container\">\n\t\t\t\t\t<div class=\"elementor-button-wrapper\">\n\t\t\t<a href=\"https:\/\/fb.me\/e\/2Z2SGoqpv\" class=\"elementor-button-link elementor-button elementor-size-sm\" role=\"button\">\n\t\t\t\t\t\t<span class=\"elementor-button-content-wrapper\">\n\t\t\t\t\t\t<span class=\"elementor-button-text\">DONA ORA!<\/span>\n\t\t<\/span>\n\t\t\t\t\t<\/a>\n\t\t<\/div>\n\t\t\t\t<\/div>\n\t\t\t\t<\/div>\n\t\t\t\t\t<\/div>\n\t\t<\/div>\n\t\t\t\t<div class=\"elementor-column elementor-col-50 elementor-top-column elementor-element elementor-element-f614c13\" data-id=\"f614c13\" data-element_type=\"column\">\n\t\t\t<div class=\"elementor-widget-wrap elementor-element-populated\">\n\t\t\t\t\t\t\t\t<div class=\"elementor-element elementor-element-81bb8f4 elementor-widget__width-initial elementor-widget-mobile__width-initial elementor-widget elementor-widget-text-editor\" data-id=\"81bb8f4\" data-element_type=\"widget\" data-widget_type=\"text-editor.default\">\n\t\t\t\t<div class=\"elementor-widget-container\">\n\t\t\t\t\t\t\t<h2>Dona ora!<\/h2><h5>Ogni contributo per la serata e, quindi, per l&#8217;opera di ricostruzione sar\u00e0 accolto con grande gioia. La vostra presenza e il vostro sostegno saranno di inestimabile valore per i comuni della Romagna e per l&#8217;intera iniziativa. Insieme possiamo fare la differenza!<\/h5><h5><span style=\"font-style: inherit; font-weight: inherit; background-color: var(--ast-global-color-5); color: var( --e-global-color-text );\">\u201cAiuto alla Romagna DAL CUORE DEL MEDITERRANEO\u201d IT66U0878476440010000043289 &#8211; CCRTIT2TMPR<\/span><\/h5>\t\t\t\t\t\t<\/div>\n\t\t\t\t<\/div>\n\t\t\t\t\t<\/div>\n\t\t<\/div>\n\t\t\t\t\t\t\t<\/div>\n\t\t<\/section>\n\t\t\t\t<section class=\"elementor-section elementor-top-section elementor-element elementor-element-e534d23 elementor-section-full_width elementor-hidden-tablet elementor-hidden-mobile elementor-section-height-default elementor-section-height-default\" data-id=\"e534d23\" data-element_type=\"section\">\n\t\t\t\t\t\t<div class=\"elementor-container elementor-column-gap-default\">\n\t\t\t\t\t<div class=\"elementor-column elementor-col-100 elementor-top-column elementor-element elementor-element-5b41fe0\" data-id=\"5b41fe0\" data-element_type=\"column\">\n\t\t\t<div class=\"elementor-widget-wrap elementor-element-populated\">\n\t\t\t\t\t\t\t\t<div class=\"elementor-element elementor-element-ea1fd5f elementor-widget elementor-widget-image-carousel\" data-id=\"ea1fd5f\" data-element_type=\"widget\" data-settings=\"{&quot;slides_to_show&quot;:&quot;9&quot;,&quot;navigation&quot;:&quot;none&quot;,&quot;autoplay&quot;:&quot;no&quot;,&quot;infinite&quot;:&quot;no&quot;,&quot;speed&quot;:700,&quot;image_spacing_custom&quot;:{&quot;unit&quot;:&quot;px&quot;,&quot;size&quot;:0,&quot;sizes&quot;:[]},&quot;image_spacing_custom_tablet&quot;:{&quot;unit&quot;:&quot;px&quot;,&quot;size&quot;:&quot;&quot;,&quot;sizes&quot;:[]},&quot;image_spacing_custom_mobile&quot;:{&quot;unit&quot;:&quot;px&quot;,&quot;size&quot;:&quot;&quot;,&quot;sizes&quot;:[]}}\" data-widget_type=\"image-carousel.default\">\n\t\t\t\t<div class=\"elementor-widget-container\">\n\t\t\t\t\t<div class=\"elementor-image-carousel-wrapper swiper\" dir=\"ltr\">\n\t\t\t<div class=\"elementor-image-carousel swiper-wrapper\">\n\t\t\t\t\t\t\t\t<div class=\"swiper-slide\"><figure class=\"swiper-slide-inner\"><img decoding=\"async\" class=\"swiper-slide-image\" src=\"https:\/\/festadelmediterraneo.org\/wp-content\/uploads\/2023\/06\/43-1.png\" alt=\"4(3)\" \/><\/figure><\/div><div class=\"swiper-slide\"><figure class=\"swiper-slide-inner\"><img decoding=\"async\" class=\"swiper-slide-image\" src=\"https:\/\/festadelmediterraneo.org\/wp-content\/uploads\/2023\/06\/51-1.png\" alt=\"5(1)\" \/><\/figure><\/div><div class=\"swiper-slide\"><figure class=\"swiper-slide-inner\"><img decoding=\"async\" class=\"swiper-slide-image\" src=\"https:\/\/festadelmediterraneo.org\/wp-content\/uploads\/2023\/06\/7-1.png\" alt=\"7\" \/><\/figure><\/div><div class=\"swiper-slide\"><figure class=\"swiper-slide-inner\"><img decoding=\"async\" class=\"swiper-slide-image\" src=\"https:\/\/festadelmediterraneo.org\/wp-content\/uploads\/2023\/06\/81-1.png\" alt=\"8(1)\" \/><\/figure><\/div><div class=\"swiper-slide\"><figure class=\"swiper-slide-inner\"><img decoding=\"async\" class=\"swiper-slide-image\" src=\"https:\/\/festadelmediterraneo.org\/wp-content\/uploads\/2023\/06\/loghi-med-2.png\" alt=\"loghi med (2)\" \/><\/figure><\/div><div class=\"swiper-slide\"><figure class=\"swiper-slide-inner\"><img decoding=\"async\" class=\"swiper-slide-image\" src=\"https:\/\/festadelmediterraneo.org\/wp-content\/uploads\/2023\/06\/91-1.png\" alt=\"9(1)\" \/><\/figure><\/div><div class=\"swiper-slide\"><figure class=\"swiper-slide-inner\"><img decoding=\"async\" class=\"swiper-slide-image\" src=\"https:\/\/festadelmediterraneo.org\/wp-content\/uploads\/2023\/06\/loghi-med-1.png\" alt=\"loghi med (1)\" \/><\/figure><\/div><div class=\"swiper-slide\"><figure class=\"swiper-slide-inner\"><img decoding=\"async\" class=\"swiper-slide-image\" src=\"https:\/\/festadelmediterraneo.org\/wp-content\/uploads\/2023\/06\/102-1.png\" alt=\"10(2)\" \/><\/figure><\/div><div class=\"swiper-slide\"><figure class=\"swiper-slide-inner\"><img decoding=\"async\" class=\"swiper-slide-image\" src=\"https:\/\/festadelmediterraneo.org\/wp-content\/uploads\/2023\/07\/loghi-med-5.png\" alt=\"loghi med (5)\" \/><\/figure><\/div>\t\t\t<\/div>\n\t\t\t\t\t\t\t\t\t\t\t\t\t\t\t\t<\/div>\n\t\t\t\t<\/div>\n\t\t\t\t<\/div>\n\t\t\t\t\t<\/div>\n\t\t<\/div>\n\t\t\t\t\t\t\t<\/div>\n\t\t<\/section>\n\t\t\t\t<section class=\"elementor-section elementor-top-section elementor-element elementor-element-3f5ba7b elementor-section-full_width elementor-hidden-tablet elementor-hidden-mobile elementor-section-height-default elementor-section-height-default\" data-id=\"3f5ba7b\" data-element_type=\"section\">\n\t\t\t\t\t\t<div class=\"elementor-container elementor-column-gap-default\">\n\t\t\t\t\t<div class=\"elementor-column elementor-col-100 elementor-top-column elementor-element elementor-element-303061c\" data-id=\"303061c\" data-element_type=\"column\">\n\t\t\t<div class=\"elementor-widget-wrap elementor-element-populated\">\n\t\t\t\t\t\t\t\t<div class=\"elementor-element elementor-element-fca199e elementor-widget elementor-widget-image-carousel\" data-id=\"fca199e\" data-element_type=\"widget\" data-settings=\"{&quot;slides_to_show&quot;:&quot;9&quot;,&quot;navigation&quot;:&quot;none&quot;,&quot;autoplay&quot;:&quot;no&quot;,&quot;infinite&quot;:&quot;no&quot;,&quot;speed&quot;:700,&quot;image_spacing_custom&quot;:{&quot;unit&quot;:&quot;px&quot;,&quot;size&quot;:0,&quot;sizes&quot;:[]},&quot;image_spacing_custom_tablet&quot;:{&quot;unit&quot;:&quot;px&quot;,&quot;size&quot;:&quot;&quot;,&quot;sizes&quot;:[]},&quot;image_spacing_custom_mobile&quot;:{&quot;unit&quot;:&quot;px&quot;,&quot;size&quot;:&quot;&quot;,&quot;sizes&quot;:[]}}\" data-widget_type=\"image-carousel.default\">\n\t\t\t\t<div class=\"elementor-widget-container\">\n\t\t\t\t\t<div class=\"elementor-image-carousel-wrapper swiper\" dir=\"ltr\">\n\t\t\t<div class=\"elementor-image-carousel swiper-wrapper\">\n\t\t\t\t\t\t\t\t<div class=\"swiper-slide\"><figure class=\"swiper-slide-inner\"><img decoding=\"async\" class=\"swiper-slide-image\" src=\"https:\/\/festadelmediterraneo.org\/wp-content\/uploads\/2023\/06\/111-1.png\" alt=\"11(1)\" \/><\/figure><\/div><div class=\"swiper-slide\"><figure class=\"swiper-slide-inner\"><img decoding=\"async\" class=\"swiper-slide-image\" src=\"https:\/\/festadelmediterraneo.org\/wp-content\/uploads\/2023\/06\/121-1.png\" alt=\"12(1)\" \/><\/figure><\/div><div class=\"swiper-slide\"><figure class=\"swiper-slide-inner\"><img decoding=\"async\" class=\"swiper-slide-image\" src=\"https:\/\/festadelmediterraneo.org\/wp-content\/uploads\/2023\/07\/loghi-med-3.png\" alt=\"loghi med (3)\" \/><\/figure><\/div><div class=\"swiper-slide\"><figure class=\"swiper-slide-inner\"><img decoding=\"async\" class=\"swiper-slide-image\" src=\"https:\/\/festadelmediterraneo.org\/wp-content\/uploads\/2023\/07\/loghi-med-4.png\" alt=\"loghi med (4)\" \/><\/figure><\/div><div class=\"swiper-slide\"><figure class=\"swiper-slide-inner\"><img decoding=\"async\" class=\"swiper-slide-image\" src=\"https:\/\/festadelmediterraneo.org\/wp-content\/uploads\/2023\/07\/20.png\" alt=\"20\" \/><\/figure><\/div><div class=\"swiper-slide\"><figure class=\"swiper-slide-inner\"><img decoding=\"async\" class=\"swiper-slide-image\" src=\"https:\/\/festadelmediterraneo.org\/wp-content\/uploads\/2023\/07\/21.png\" alt=\"21\" \/><\/figure><\/div><div class=\"swiper-slide\"><figure class=\"swiper-slide-inner\"><img decoding=\"async\" class=\"swiper-slide-image\" src=\"https:\/\/festadelmediterraneo.org\/wp-content\/uploads\/2023\/07\/17.png\" alt=\"17\" \/><\/figure><\/div><div class=\"swiper-slide\"><figure class=\"swiper-slide-inner\"><img decoding=\"async\" class=\"swiper-slide-image\" src=\"https:\/\/festadelmediterraneo.org\/wp-content\/uploads\/2023\/07\/18.png\" alt=\"18\" \/><\/figure><\/div><div class=\"swiper-slide\"><figure class=\"swiper-slide-inner\"><img decoding=\"async\" class=\"swiper-slide-image\" src=\"https:\/\/festadelmediterraneo.org\/wp-content\/uploads\/2023\/07\/19.png\" alt=\"19\" \/><\/figure><\/div>\t\t\t<\/div>\n\t\t\t\t\t\t\t\t\t\t\t\t\t\t\t\t<\/div>\n\t\t\t\t<\/div>\n\t\t\t\t<\/div>\n\t\t\t\t\t<\/div>\n\t\t<\/div>\n\t\t\t\t\t\t\t<\/div>\n\t\t<\/section>\n\t\t\t\t<section class=\"elementor-section elementor-top-section elementor-element elementor-element-60d25f9 elementor-section-boxed elementor-section-height-default elementor-section-height-default\" data-id=\"60d25f9\" data-element_type=\"section\">\n\t\t\t\t\t\t<div class=\"elementor-container elementor-column-gap-default\">\n\t\t\t\t\t<div class=\"elementor-column elementor-col-25 elementor-top-column elementor-element elementor-element-f2871e7\" data-id=\"f2871e7\" data-element_type=\"column\">\n\t\t\t<div class=\"elementor-widget-wrap elementor-element-populated\">\n\t\t\t\t\t\t\t\t<div class=\"elementor-element elementor-element-4f1ca9b elementor-widget elementor-widget-image\" data-id=\"4f1ca9b\" data-element_type=\"widget\" data-widget_type=\"image.default\">\n\t\t\t\t<div class=\"elementor-widget-container\">\n\t\t\t\t\t\t\t\t\t\t\t\t\t\t\t<img loading=\"lazy\" decoding=\"async\" width=\"500\" height=\"500\" src=\"https:\/\/festadelmediterraneo.org\/wp-content\/uploads\/2023\/06\/18.png\" class=\"attachment-large size-large wp-image-211\" alt=\"\" srcset=\"https:\/\/festadelmediterraneo.org\/wp-content\/uploads\/2023\/06\/18.png 500w, https:\/\/festadelmediterraneo.org\/wp-content\/uploads\/2023\/06\/18-300x300.png 300w, https:\/\/festadelmediterraneo.org\/wp-content\/uploads\/2023\/06\/18-150x150.png 150w\" sizes=\"auto, (max-width: 500px) 100vw, 500px\" \/>\t\t\t\t\t\t\t\t\t\t\t\t\t\t\t<\/div>\n\t\t\t\t<\/div>\n\t\t\t\t\t<\/div>\n\t\t<\/div>\n\t\t\t\t<div class=\"elementor-column elementor-col-25 elementor-top-column elementor-element elementor-element-da3a02c\" data-id=\"da3a02c\" data-element_type=\"column\">\n\t\t\t<div class=\"elementor-widget-wrap elementor-element-populated\">\n\t\t\t\t\t\t\t\t<div class=\"elementor-element elementor-element-1e171f1 elementor-widget-mobile__width-initial elementor-widget elementor-widget-image\" data-id=\"1e171f1\" data-element_type=\"widget\" data-widget_type=\"image.default\">\n\t\t\t\t<div class=\"elementor-widget-container\">\n\t\t\t\t\t\t\t\t\t\t\t\t\t\t\t<img loading=\"lazy\" decoding=\"async\" width=\"500\" height=\"500\" src=\"https:\/\/festadelmediterraneo.org\/wp-content\/uploads\/2023\/06\/29.png\" class=\"attachment-large size-large wp-image-210\" alt=\"\" srcset=\"https:\/\/festadelmediterraneo.org\/wp-content\/uploads\/2023\/06\/29.png 500w, https:\/\/festadelmediterraneo.org\/wp-content\/uploads\/2023\/06\/29-300x300.png 300w, https:\/\/festadelmediterraneo.org\/wp-content\/uploads\/2023\/06\/29-150x150.png 150w\" sizes=\"auto, (max-width: 500px) 100vw, 500px\" \/>\t\t\t\t\t\t\t\t\t\t\t\t\t\t\t<\/div>\n\t\t\t\t<\/div>\n\t\t\t\t\t<\/div>\n\t\t<\/div>\n\t\t\t\t<div class=\"elementor-column elementor-col-25 elementor-top-column elementor-element elementor-element-58257b3\" data-id=\"58257b3\" data-element_type=\"column\">\n\t\t\t<div class=\"elementor-widget-wrap elementor-element-populated\">\n\t\t\t\t\t\t\t\t<div class=\"elementor-element elementor-element-551b1a2 elementor-widget-mobile__width-initial elementor-widget__width-initial elementor-widget elementor-widget-image\" data-id=\"551b1a2\" data-element_type=\"widget\" data-widget_type=\"image.default\">\n\t\t\t\t<div class=\"elementor-widget-container\">\n\t\t\t\t\t\t\t\t\t\t\t\t\t\t\t<img loading=\"lazy\" decoding=\"async\" width=\"500\" height=\"500\" src=\"https:\/\/festadelmediterraneo.org\/wp-content\/uploads\/2023\/06\/36.png\" class=\"attachment-large size-large wp-image-209\" alt=\"\" srcset=\"https:\/\/festadelmediterraneo.org\/wp-content\/uploads\/2023\/06\/36.png 500w, https:\/\/festadelmediterraneo.org\/wp-content\/uploads\/2023\/06\/36-300x300.png 300w, https:\/\/festadelmediterraneo.org\/wp-content\/uploads\/2023\/06\/36-150x150.png 150w\" sizes=\"auto, (max-width: 500px) 100vw, 500px\" \/>\t\t\t\t\t\t\t\t\t\t\t\t\t\t\t<\/div>\n\t\t\t\t<\/div>\n\t\t\t\t\t<\/div>\n\t\t<\/div>\n\t\t\t\t<div class=\"elementor-column elementor-col-25 elementor-top-column elementor-element elementor-element-1837b82\" data-id=\"1837b82\" data-element_type=\"column\">\n\t\t\t<div class=\"elementor-widget-wrap elementor-element-populated\">\n\t\t\t\t\t\t\t\t<div class=\"elementor-element elementor-element-5cc9962 elementor-widget-mobile__width-initial elementor-widget elementor-widget-image\" data-id=\"5cc9962\" data-element_type=\"widget\" data-widget_type=\"image.default\">\n\t\t\t\t<div class=\"elementor-widget-container\">\n\t\t\t\t\t\t\t\t\t\t\t\t\t\t\t<img loading=\"lazy\" decoding=\"async\" width=\"1024\" height=\"364\" src=\"https:\/\/festadelmediterraneo.org\/wp-content\/uploads\/2024\/07\/Bando-Borghi-B-e1721040768237-1024x364.png\" class=\"attachment-large size-large wp-image-509\" alt=\"\" srcset=\"https:\/\/festadelmediterraneo.org\/wp-content\/uploads\/2024\/07\/Bando-Borghi-B-e1721040768237-1024x364.png 1024w, https:\/\/festadelmediterraneo.org\/wp-content\/uploads\/2024\/07\/Bando-Borghi-B-e1721040768237-768x273.png 768w\" sizes=\"auto, (max-width: 1024px) 100vw, 1024px\" \/>\t\t\t\t\t\t\t\t\t\t\t\t\t\t\t<\/div>\n\t\t\t\t<\/div>\n\t\t\t\t\t<\/div>\n\t\t<\/div>\n\t\t\t\t\t\t\t<\/div>\n\t\t<\/section>\n\t\t\t\t<section class=\"elementor-section elementor-top-section elementor-element elementor-element-07f4b0b elementor-section-full_width elementor-hidden-desktop elementor-section-height-default elementor-section-height-default\" data-id=\"07f4b0b\" data-element_type=\"section\">\n\t\t\t\t\t\t<div class=\"elementor-container elementor-column-gap-default\">\n\t\t\t\t\t<div class=\"elementor-column elementor-col-100 elementor-top-column elementor-element elementor-element-96c7684\" data-id=\"96c7684\" data-element_type=\"column\">\n\t\t\t<div class=\"elementor-widget-wrap elementor-element-populated\">\n\t\t\t\t\t\t\t\t<div class=\"elementor-element elementor-element-05fc0b2 elementor-widget elementor-widget-image-carousel\" data-id=\"05fc0b2\" data-element_type=\"widget\" data-settings=\"{&quot;slides_to_show&quot;:&quot;9&quot;,&quot;slides_to_show_mobile&quot;:&quot;3&quot;,&quot;navigation&quot;:&quot;none&quot;,&quot;autoplay_speed&quot;:4000,&quot;speed&quot;:700,&quot;image_spacing_custom&quot;:{&quot;unit&quot;:&quot;px&quot;,&quot;size&quot;:0,&quot;sizes&quot;:[]},&quot;autoplay&quot;:&quot;yes&quot;,&quot;pause_on_hover&quot;:&quot;yes&quot;,&quot;pause_on_interaction&quot;:&quot;yes&quot;,&quot;infinite&quot;:&quot;yes&quot;,&quot;image_spacing_custom_tablet&quot;:{&quot;unit&quot;:&quot;px&quot;,&quot;size&quot;:&quot;&quot;,&quot;sizes&quot;:[]},&quot;image_spacing_custom_mobile&quot;:{&quot;unit&quot;:&quot;px&quot;,&quot;size&quot;:&quot;&quot;,&quot;sizes&quot;:[]}}\" data-widget_type=\"image-carousel.default\">\n\t\t\t\t<div class=\"elementor-widget-container\">\n\t\t\t\t\t<div class=\"elementor-image-carousel-wrapper swiper\" dir=\"ltr\">\n\t\t\t<div class=\"elementor-image-carousel swiper-wrapper\">\n\t\t\t\t\t\t\t\t<div class=\"swiper-slide\"><figure class=\"swiper-slide-inner\"><img decoding=\"async\" class=\"swiper-slide-image\" src=\"https:\/\/festadelmediterraneo.org\/wp-content\/uploads\/2023\/06\/43-1.png\" alt=\"4(3)\" \/><\/figure><\/div><div class=\"swiper-slide\"><figure class=\"swiper-slide-inner\"><img decoding=\"async\" class=\"swiper-slide-image\" src=\"https:\/\/festadelmediterraneo.org\/wp-content\/uploads\/2023\/06\/51-1.png\" alt=\"5(1)\" \/><\/figure><\/div><div class=\"swiper-slide\"><figure class=\"swiper-slide-inner\"><img decoding=\"async\" class=\"swiper-slide-image\" src=\"https:\/\/festadelmediterraneo.org\/wp-content\/uploads\/2023\/06\/6-1.png\" alt=\"6\" \/><\/figure><\/div><div class=\"swiper-slide\"><figure class=\"swiper-slide-inner\"><img decoding=\"async\" class=\"swiper-slide-image\" src=\"https:\/\/festadelmediterraneo.org\/wp-content\/uploads\/2023\/06\/7-1.png\" alt=\"7\" \/><\/figure><\/div><div class=\"swiper-slide\"><figure class=\"swiper-slide-inner\"><img decoding=\"async\" class=\"swiper-slide-image\" src=\"https:\/\/festadelmediterraneo.org\/wp-content\/uploads\/2023\/06\/81-1.png\" alt=\"8(1)\" \/><\/figure><\/div><div class=\"swiper-slide\"><figure class=\"swiper-slide-inner\"><img decoding=\"async\" class=\"swiper-slide-image\" src=\"https:\/\/festadelmediterraneo.org\/wp-content\/uploads\/2023\/06\/91-1.png\" alt=\"9(1)\" \/><\/figure><\/div><div class=\"swiper-slide\"><figure class=\"swiper-slide-inner\"><img decoding=\"async\" class=\"swiper-slide-image\" src=\"https:\/\/festadelmediterraneo.org\/wp-content\/uploads\/2023\/06\/102-1.png\" alt=\"10(2)\" \/><\/figure><\/div><div class=\"swiper-slide\"><figure class=\"swiper-slide-inner\"><img decoding=\"async\" class=\"swiper-slide-image\" src=\"https:\/\/festadelmediterraneo.org\/wp-content\/uploads\/2023\/06\/111-1.png\" alt=\"11(1)\" \/><\/figure><\/div><div class=\"swiper-slide\"><figure class=\"swiper-slide-inner\"><img decoding=\"async\" class=\"swiper-slide-image\" src=\"https:\/\/festadelmediterraneo.org\/wp-content\/uploads\/2023\/06\/121-1.png\" alt=\"12(1)\" \/><\/figure><\/div>\t\t\t<\/div>\n\t\t\t\t\t\t\t\t\t\t\t\t\t\t\t\t<\/div>\n\t\t\t\t<\/div>\n\t\t\t\t<\/div>\n\t\t\t\t\t<\/div>\n\t\t<\/div>\n\t\t\t\t\t\t\t<\/div>\n\t\t<\/section>\n\t\t\t\t\t\t\t<\/div>\n\t\t","protected":false},"excerpt":{"rendered":"<p>Le Giornate del Mediterraneo 05.06.07.08 luglio 2024 Dialoghi, incontri e dibattiti sul futuro del Mediterraneo Mediterraneo: fonte di prosperit\u00e0, crocevia di culture, tradizioni e sapori; bussola storica, politica, economica, naturalistica e culturale; fonte di vita per tutte le comunit\u00e0 che vi si affacciano. E cuore delle Terre del patrimonio immateriale UNESCO della Dieta Mediterranea. \u201cSiamo &hellip;<\/p>\n<p class=\"read-more\"> <a class=\"\" href=\"https:\/\/festadelmediterraneo.org\/\"> <span class=\"screen-reader-text\">Homepage<\/span> Read More &raquo;<\/a><\/p>\n","protected":false},"author":4,"featured_media":0,"parent":0,"menu_order":0,"comment_status":"closed","ping_status":"closed","template":"","meta":{"site-sidebar-layout":"no-sidebar","site-content-layout":"page-builder","ast-global-header-display":"","ast-banner-title-visibility":"","ast-main-header-display":"","ast-hfb-above-header-display":"","ast-hfb-below-header-display":"","ast-hfb-mobile-header-display":"","site-post-title":"disabled","ast-breadcrumbs-content":"","ast-featured-img":"disabled","footer-sml-layout":"","theme-transparent-header-meta":"","adv-header-id-meta":"","stick-header-meta":"","header-above-stick-meta":"","header-main-stick-meta":"","header-below-stick-meta":"","footnotes":""},"class_list":["post-2","page","type-page","status-publish","hentry"],"_links":{"self":[{"href":"https:\/\/festadelmediterraneo.org\/index.php?rest_route=\/wp\/v2\/pages\/2","targetHints":{"allow":["GET"]}}],"collection":[{"href":"https:\/\/festadelmediterraneo.org\/index.php?rest_route=\/wp\/v2\/pages"}],"about":[{"href":"https:\/\/festadelmediterraneo.org\/index.php?rest_route=\/wp\/v2\/types\/page"}],"author":[{"embeddable":true,"href":"https:\/\/festadelmediterraneo.org\/index.php?rest_route=\/wp\/v2\/users\/4"}],"replies":[{"embeddable":true,"href":"https:\/\/festadelmediterraneo.org\/index.php?rest_route=%2Fwp%2Fv2%2Fcomments&post=2"}],"version-history":[{"count":358,"href":"https:\/\/festadelmediterraneo.org\/index.php?rest_route=\/wp\/v2\/pages\/2\/revisions"}],"predecessor-version":[{"id":546,"href":"https:\/\/festadelmediterraneo.org\/index.php?rest_route=\/wp\/v2\/pages\/2\/revisions\/546"}],"wp:attachment":[{"href":"https:\/\/festadelmediterraneo.org\/index.php?rest_route=%2Fwp%2Fv2%2Fmedia&parent=2"}],"curies":[{"name":"wp","href":"https:\/\/api.w.org\/{rel}","templated":true}]}}